{"id":44,"date":"2018-01-10T15:09:57","date_gmt":"2018-01-10T14:09:57","guid":{"rendered":"http:\/\/www.vfl-westercelle.de\/jd\/?page_id=44"},"modified":"2026-03-16T14:21:16","modified_gmt":"2026-03-16T13:21:16","slug":"ueber-uns","status":"publish","type":"page","link":"https:\/\/www.vfl-westercelle.de\/jd\/ueber-uns\/","title":{"rendered":"\u00dcber uns"},"content":{"rendered":"\n<style type=\"text\/css\" data-created_by=\"avia_inline_auto\" id=\"style-css-av-7u7u0-f3ec2ff3945501791edd9f117f298a2b\">\n.flex_column.av-7u7u0-f3ec2ff3945501791edd9f117f298a2b{\nborder-radius:0px 0px 0px 0px;\npadding:0px 0px 0px 0px;\n}\n<\/style>\n<div  class='flex_column av-7u7u0-f3ec2ff3945501791edd9f117f298a2b av_one_third  avia-builder-el-0  el_before_av_two_third  avia-builder-el-first  first flex_column_div av-zero-column-padding  '     ><style type=\"text\/css\" data-created_by=\"avia_inline_auto\" id=\"style-css-av-7d7n4-a798811dafc97051edb0b9a3f7259fd4\">\n.avia-image-container.av-7d7n4-a798811dafc97051edb0b9a3f7259fd4 img.avia_image{\nbox-shadow:none;\n}\n.avia-image-container.av-7d7n4-a798811dafc97051edb0b9a3f7259fd4 .av-image-caption-overlay-center{\ncolor:#ffffff;\n}\n<\/style>\n<div  class='avia-image-container av-7d7n4-a798811dafc97051edb0b9a3f7259fd4 av-styling- avia-align-center  avia-builder-el-1  avia-builder-el-no-sibling '   itemprop=\"image\" itemscope=\"itemscope\" itemtype=\"https:\/\/schema.org\/ImageObject\" ><div class=\"avia-image-container-inner\"><div class=\"avia-image-overlay-wrap\"><img decoding=\"async\" fetchpriority=\"high\" class='wp-image-528 avia-img-lazy-loading-not-528 avia_image ' src=\"https:\/\/www.vfl-westercelle.de\/jd\/wp-content\/uploads\/sites\/10\/2023\/11\/IMG_2305-1030x773.jpg\" alt='' title='IMG_2305'  height=\"773\" width=\"1030\"  itemprop=\"thumbnailUrl\" srcset=\"https:\/\/www.vfl-westercelle.de\/jd\/wp-content\/uploads\/sites\/10\/2023\/11\/IMG_2305-1030x773.jpg 1030w, https:\/\/www.vfl-westercelle.de\/jd\/wp-content\/uploads\/sites\/10\/2023\/11\/IMG_2305-300x225.jpg 300w, https:\/\/www.vfl-westercelle.de\/jd\/wp-content\/uploads\/sites\/10\/2023\/11\/IMG_2305-768x576.jpg 768w, https:\/\/www.vfl-westercelle.de\/jd\/wp-content\/uploads\/sites\/10\/2023\/11\/IMG_2305-1536x1152.jpg 1536w, https:\/\/www.vfl-westercelle.de\/jd\/wp-content\/uploads\/sites\/10\/2023\/11\/IMG_2305-1500x1125.jpg 1500w, https:\/\/www.vfl-westercelle.de\/jd\/wp-content\/uploads\/sites\/10\/2023\/11\/IMG_2305-705x529.jpg 705w, https:\/\/www.vfl-westercelle.de\/jd\/wp-content\/uploads\/sites\/10\/2023\/11\/IMG_2305.jpg 2048w\" sizes=\"(max-width: 1030px) 100vw, 1030px\" \/><\/div><\/div><\/div><\/div>\n\n<style type=\"text\/css\" data-created_by=\"avia_inline_auto\" id=\"style-css-av-6ve1w-c1a41277914663975e558056817351ab\">\n.flex_column.av-6ve1w-c1a41277914663975e558056817351ab{\nborder-radius:0px 0px 0px 0px;\npadding:0px 0px 0px 0px;\n}\n<\/style>\n<div  class='flex_column av-6ve1w-c1a41277914663975e558056817351ab av_two_third  avia-builder-el-2  el_after_av_one_third  el_before_av_heading  flex_column_div av-zero-column-padding  '     ><section  class='av_textblock_section av-659e0-b272bce62de9687b7ec3bfd8d50899c2 '   itemscope=\"itemscope\" itemtype=\"https:\/\/schema.org\/CreativeWork\" ><div class='avia_textblock'  itemprop=\"text\" ><p>Wir haben unsere Jazzdance Sparte vor mehr als 20 Jahren gegr\u00fcndet.<\/p>\n<p>Seitdem erhalten unsere Mitglieder von qualifizierten Trainern, Tanzp\u00e4dagogen und Choreografen die beste Ausbildung in den Bereichen t\u00e4nzerische Fr\u00fcherziehung, Ballett, Jazz, Modern und Contemporary Dance.<\/p>\n<p>Unsere Vision ist es, Menschen zu inspirieren, ihre Leidenschaft und den Spa\u00df am Tanzen zum Ausdruck zu bringen und die Begeisterung unseres Sports mit anderen Menschen zu teilen.<\/p>\n<\/div><\/section><\/div>\n<style type=\"text\/css\" data-created_by=\"avia_inline_auto\" id=\"style-css-av-k9ck9s6w-d3d2c4ce7e6aededbe33d46c9cd1deb4\">\n#top .av-special-heading.av-k9ck9s6w-d3d2c4ce7e6aededbe33d46c9cd1deb4{\npadding-bottom:10px;\n}\nbody .av-special-heading.av-k9ck9s6w-d3d2c4ce7e6aededbe33d46c9cd1deb4 .av-special-heading-tag .heading-char{\nfont-size:25px;\n}\n.av-special-heading.av-k9ck9s6w-d3d2c4ce7e6aededbe33d46c9cd1deb4 .av-subheading{\nfont-size:15px;\n}\n<\/style>\n<div  class='av-special-heading av-k9ck9s6w-d3d2c4ce7e6aededbe33d46c9cd1deb4 av-special-heading-h3  avia-builder-el-4  el_after_av_two_third  el_before_av_one_fourth '><h3 class='av-special-heading-tag '  itemprop=\"headline\"  >Kontakt<\/h3><div class=\"special-heading-border\"><div class=\"special-heading-inner-border\"><\/div><\/div><\/div><\/p>\n\n<style type=\"text\/css\" data-created_by=\"avia_inline_auto\" id=\"style-css-av-4v1vw-c5e3dfba58d3ab0e4f5d2691aaf6a6de\">\n.flex_column.av-4v1vw-c5e3dfba58d3ab0e4f5d2691aaf6a6de{\nborder-radius:0px 0px 0px 0px;\npadding:0px 0px 0px 0px;\n}\n<\/style>\n<div  class='flex_column av-4v1vw-c5e3dfba58d3ab0e4f5d2691aaf6a6de av_one_fourth  avia-builder-el-5  el_after_av_heading  el_before_av_one_fourth  first flex_column_div av-zero-column-padding  '     ><section  class='avia-team-member av-49fho-fca42450bb2a741d85fb770443371a9d  avia-builder-el-6  avia-builder-el-no-sibling '  itemscope=\"itemscope\" itemtype=\"https:\/\/schema.org\/Person\" ><div class=\"team-img-container\"><img decoding=\"async\" fetchpriority=\"high\" class='wp-image-145 avia-img-lazy-loading-not-145 avia_image avia_image_team' src=\"https:\/\/www.vfl-westercelle.de\/jd\/wp-content\/uploads\/sites\/10\/2018\/01\/platzhalter_frau_quadrat.jpg\" alt='Kira-Luise Skibba'  itemprop=\"image\"   height=\"500\" width=\"500\" srcset=\"https:\/\/www.vfl-westercelle.de\/jd\/wp-content\/uploads\/sites\/10\/2018\/01\/platzhalter_frau_quadrat.jpg 500w, https:\/\/www.vfl-westercelle.de\/jd\/wp-content\/uploads\/sites\/10\/2018\/01\/platzhalter_frau_quadrat-80x80.jpg 80w, https:\/\/www.vfl-westercelle.de\/jd\/wp-content\/uploads\/sites\/10\/2018\/01\/platzhalter_frau_quadrat-300x300.jpg 300w, https:\/\/www.vfl-westercelle.de\/jd\/wp-content\/uploads\/sites\/10\/2018\/01\/platzhalter_frau_quadrat-36x36.jpg 36w, https:\/\/www.vfl-westercelle.de\/jd\/wp-content\/uploads\/sites\/10\/2018\/01\/platzhalter_frau_quadrat-180x180.jpg 180w, https:\/\/www.vfl-westercelle.de\/jd\/wp-content\/uploads\/sites\/10\/2018\/01\/platzhalter_frau_quadrat-120x120.jpg 120w, https:\/\/www.vfl-westercelle.de\/jd\/wp-content\/uploads\/sites\/10\/2018\/01\/platzhalter_frau_quadrat-450x450.jpg 450w\" sizes=\"(max-width: 500px) 100vw, 500px\" \/><div class=\"team-social\"><div class=\"team-social-inner\"><span class='hidden av_member_url_markup '  itemprop=\"email\" >&#x6d;a&#x69;l&#x74;&#111;&#x3a;&#106;a&#x7a;z&#x64;&#97;&#x6e;&#99;&#x65;&#64;v&#x66;l&#x2d;&#119;&#x65;&#115;&#x74;&#x65;r&#x63;e&#x6c;&#108;&#x65;&#46;d&#x65;<\/span><a href='&#x6d;a&#x69;&#108;&#x74;&#x6f;:&#x6a;&#97;&#x7a;&#x7a;d&#x61;&#110;&#x63;&#x65;&#64;&#x76;&#102;&#x6c;&#x2d;w&#x65;&#115;&#x74;&#x65;r&#x63;&#101;&#x6c;&#x6c;e&#x2e;&#100;&#x65;' class='avia-team-icon av-23my8-7bf4f1d6708f9a585fdb8f645600f3df avia-iconfont avia-font-entypo-fontello' rel='v:url' data-avia-tooltip=\"jazzda&#110;&#99;&#101;&#64;&#118;&#102;&#108;&#x2d;&#x77;&#x65;&#x73;&#x74;&#x65;&#x72;&#x63;&#x65;&#x6c;&#x6c;&#x65;&#46;de\"  data-av_icon='\ue805' data-av_iconfont='entypo-fontello' ><\/a><\/div><\/div><\/div><h3 class='team-member-name '  itemprop=\"name\" >Kira-Luise Skibba<\/h3><div class='team-member-job-title '  itemprop=\"jobTitle\" >Spartenleiterin<\/div><span class='hidden team-member-affiliation'  itemprop=\"affiliation\" >VfL Westercelle - Jazzdance<\/span><\/section><\/div>\n\n<style type=\"text\/css\" data-created_by=\"avia_inline_auto\" id=\"style-css-av-41hos-a5b432eb9c3ee1ab83e5bfd5760a13ae\">\n.flex_column.av-41hos-a5b432eb9c3ee1ab83e5bfd5760a13ae{\nborder-radius:0px 0px 0px 0px;\npadding:0px 0px 0px 0px;\n}\n<\/style>\n<div  class='flex_column av-41hos-a5b432eb9c3ee1ab83e5bfd5760a13ae av_one_fourth  avia-builder-el-7  el_after_av_one_fourth  el_before_av_one_fourth  flex_column_div av-zero-column-padding  '     ><section  class='avia-team-member av-3e7nc-f77011ca3b0864f97ed637f50cf29b24  avia-builder-el-8  avia-builder-el-no-sibling '  itemscope=\"itemscope\" itemtype=\"https:\/\/schema.org\/Person\" ><div class=\"team-img-container\"><img decoding=\"async\" fetchpriority=\"high\" class='wp-image-145 avia-img-lazy-loading-not-145 avia_image avia_image_team' src=\"https:\/\/www.vfl-westercelle.de\/jd\/wp-content\/uploads\/sites\/10\/2018\/01\/platzhalter_frau_quadrat.jpg\" alt='Juliane Wolf'  itemprop=\"image\"   height=\"500\" width=\"500\" srcset=\"https:\/\/www.vfl-westercelle.de\/jd\/wp-content\/uploads\/sites\/10\/2018\/01\/platzhalter_frau_quadrat.jpg 500w, https:\/\/www.vfl-westercelle.de\/jd\/wp-content\/uploads\/sites\/10\/2018\/01\/platzhalter_frau_quadrat-80x80.jpg 80w, https:\/\/www.vfl-westercelle.de\/jd\/wp-content\/uploads\/sites\/10\/2018\/01\/platzhalter_frau_quadrat-300x300.jpg 300w, https:\/\/www.vfl-westercelle.de\/jd\/wp-content\/uploads\/sites\/10\/2018\/01\/platzhalter_frau_quadrat-36x36.jpg 36w, https:\/\/www.vfl-westercelle.de\/jd\/wp-content\/uploads\/sites\/10\/2018\/01\/platzhalter_frau_quadrat-180x180.jpg 180w, https:\/\/www.vfl-westercelle.de\/jd\/wp-content\/uploads\/sites\/10\/2018\/01\/platzhalter_frau_quadrat-120x120.jpg 120w, https:\/\/www.vfl-westercelle.de\/jd\/wp-content\/uploads\/sites\/10\/2018\/01\/platzhalter_frau_quadrat-450x450.jpg 450w\" sizes=\"(max-width: 500px) 100vw, 500px\" \/><div class=\"team-social\"><div class=\"team-social-inner\"><span class='hidden av_member_url_markup '  itemprop=\"email\" >&#109;&#x61;i&#108;&#x74;o&#58;&#x6a;a&#122;&#x7a;d&#97;&#x6e;&#99;&#x65;&#x40;&#118;&#x66;&#x6c;&#45;&#x77;e&#115;&#x74;e&#114;&#x63;e&#108;&#x6c;e&#46;&#x64;&#101;<\/span><a href='m&#97;&#x69;&#x6c;t&#111;&#58;&#x6a;&#x61;z&#122;&#x64;&#x61;n&#99;&#101;&#x40;&#x76;f&#108;&#x2d;&#x77;e&#115;&#116;&#x65;&#x72;c&#101;&#x6c;&#x6c;e&#46;&#100;&#x65;' class='avia-team-icon av-1oyk0-b3112bf34be737ab1631b913724d92a4 avia-iconfont avia-font-entypo-fontello' rel='v:url' data-avia-tooltip=\"&#x6a;&#97;&#x7a;&#x7a;&#100;&#x61;&#x6e;&#99;&#x65;&#x40;&#118;&#x66;&#x6c;-&#x77;&#x65;s&#x74;&#101;r&#x63;&#101;l&#x6c;&#101;&#46;&#x64;&#101;\"  data-av_icon='\ue805' data-av_iconfont='entypo-fontello' ><\/a><\/div><\/div><\/div><h3 class='team-member-name '  itemprop=\"name\" >Juliane Wolf<\/h3><div class='team-member-job-title '  itemprop=\"jobTitle\" >Spartenleiterin<\/div><span class='hidden team-member-affiliation'  itemprop=\"affiliation\" >VfL Westercelle - Jazzdance<\/span><\/section><\/div>\n\n<style type=\"text\/css\" data-created_by=\"avia_inline_auto\" id=\"style-css-av-2xbjo-a2d73e8d9dfbddaa9b235cbd8261e19f\">\n.flex_column.av-2xbjo-a2d73e8d9dfbddaa9b235cbd8261e19f{\nborder-radius:0px 0px 0px 0px;\npadding:0px 0px 0px 0px;\n}\n<\/style>\n<div  class='flex_column av-2xbjo-a2d73e8d9dfbddaa9b235cbd8261e19f av_one_fourth  avia-builder-el-9  el_after_av_one_fourth  avia-builder-el-last  flex_column_div av-zero-column-padding  '     ><section  class='avia-team-member av-2afbg-748db91ca61b5f013ca83c9a2c9eb8f1  avia-builder-el-10  avia-builder-el-no-sibling '  itemscope=\"itemscope\" itemtype=\"https:\/\/schema.org\/Person\" ><div class=\"team-img-container\"><img decoding=\"async\" fetchpriority=\"high\" class='wp-image-145 avia-img-lazy-loading-not-145 avia_image avia_image_team' src=\"https:\/\/www.vfl-westercelle.de\/jd\/wp-content\/uploads\/sites\/10\/2018\/01\/platzhalter_frau_quadrat.jpg\" alt='Dana Vollmer'  itemprop=\"image\"   height=\"500\" width=\"500\" srcset=\"https:\/\/www.vfl-westercelle.de\/jd\/wp-content\/uploads\/sites\/10\/2018\/01\/platzhalter_frau_quadrat.jpg 500w, https:\/\/www.vfl-westercelle.de\/jd\/wp-content\/uploads\/sites\/10\/2018\/01\/platzhalter_frau_quadrat-80x80.jpg 80w, https:\/\/www.vfl-westercelle.de\/jd\/wp-content\/uploads\/sites\/10\/2018\/01\/platzhalter_frau_quadrat-300x300.jpg 300w, https:\/\/www.vfl-westercelle.de\/jd\/wp-content\/uploads\/sites\/10\/2018\/01\/platzhalter_frau_quadrat-36x36.jpg 36w, https:\/\/www.vfl-westercelle.de\/jd\/wp-content\/uploads\/sites\/10\/2018\/01\/platzhalter_frau_quadrat-180x180.jpg 180w, https:\/\/www.vfl-westercelle.de\/jd\/wp-content\/uploads\/sites\/10\/2018\/01\/platzhalter_frau_quadrat-120x120.jpg 120w, https:\/\/www.vfl-westercelle.de\/jd\/wp-content\/uploads\/sites\/10\/2018\/01\/platzhalter_frau_quadrat-450x450.jpg 450w\" sizes=\"(max-width: 500px) 100vw, 500px\" \/><div class=\"team-social\"><div class=\"team-social-inner\"><span class='hidden av_member_url_markup '  itemprop=\"email\" >&#x6d;&#x61;&#x69;&#x6c;&#x74;&#x6f;&#x3a;&#x6a;&#97;&#122;&#122;&#100;&#97;&#110;&#99;e&#64;vf&#x6c;&#x2d;&#x77;&#x65;&#x73;&#x74;&#x65;&#x72;&#x63;&#101;&#108;&#108;&#101;&#46;&#100;&#101;<\/span><a href='&#109;&#x61;&#x69;&#108;&#x74;&#x6f;&#58;&#x6a;&#x61;&#122;&#x7a;&#x64;&#97;&#x6e;&#x63;&#101;&#x40;&#x76;&#102;&#x6c;&#x2d;&#119;&#x65;&#x73;&#116;&#x65;&#x72;c&#x65;&#x6c;l&#x65;&#x2e;d&#101;' class='avia-team-icon av-16408-2a26b7a5ab59b5894d43dade32ef09cc avia-iconfont avia-font-entypo-fontello' rel='v:url' data-avia-tooltip=\"j&#97;&#122;&#x7a;&#x64;&#x61;&#x6e;c&#101;&#64;&#118;&#x66;&#x6c;&#x2d;we&#115;&#116;&#x65;&#x72;&#x63;el&#108;&#101;&#x2e;&#x64;&#x65;\"  data-av_icon='\ue805' data-av_iconfont='entypo-fontello' ><\/a><\/div><\/div><\/div><h3 class='team-member-name '  itemprop=\"name\" >Dana Vollmer<\/h3><div class='team-member-job-title '  itemprop=\"jobTitle\" >Jugendwartin<\/div><span class='hidden team-member-affiliation'  itemprop=\"affiliation\" >VfL Westercelle - Jazzdance<\/span><\/section><\/div>\n","protected":false},"excerpt":{"rendered":"","protected":false},"author":1,"featured_media":0,"parent":0,"menu_order":0,"comment_status":"closed","ping_status":"closed","template":"","meta":{"footnotes":""},"class_list":["post-44","page","type-page","status-publish","hentry"],"_links":{"self":[{"href":"https:\/\/www.vfl-westercelle.de\/jd\/wp-json\/wp\/v2\/pages\/44","targetHints":{"allow":["GET"]}}],"collection":[{"href":"https:\/\/www.vfl-westercelle.de\/jd\/wp-json\/wp\/v2\/pages"}],"about":[{"href":"https:\/\/www.vfl-westercelle.de\/jd\/wp-json\/wp\/v2\/types\/page"}],"author":[{"embeddable":true,"href":"https:\/\/www.vfl-westercelle.de\/jd\/wp-json\/wp\/v2\/users\/1"}],"replies":[{"embeddable":true,"href":"https:\/\/www.vfl-westercelle.de\/jd\/wp-json\/wp\/v2\/comments?post=44"}],"version-history":[{"count":3,"href":"https:\/\/www.vfl-westercelle.de\/jd\/wp-json\/wp\/v2\/pages\/44\/revisions"}],"predecessor-version":[{"id":906,"href":"https:\/\/www.vfl-westercelle.de\/jd\/wp-json\/wp\/v2\/pages\/44\/revisions\/906"}],"wp:attachment":[{"href":"https:\/\/www.vfl-westercelle.de\/jd\/wp-json\/wp\/v2\/media?parent=44"}],"curies":[{"name":"wp","href":"https:\/\/api.w.org\/{rel}","templated":true}]}}