{"id":20,"date":"2016-07-11T23:29:54","date_gmt":"2016-07-11T21:29:54","guid":{"rendered":"http:\/\/www.vfl-westercelle.de\/?page_id=20"},"modified":"2021-06-08T18:34:12","modified_gmt":"2021-06-08T16:34:12","slug":"startseite","status":"publish","type":"page","link":"https:\/\/www.vfl-westercelle.de\/ju-ju\/","title":{"rendered":"Aktuelles"},"content":{"rendered":"<div id='full_slider_1'  class='avia-fullwidth-slider main_color avia-shadow   avia-builder-el-0  el_before_av_one_full  avia-builder-el-first   container_wrap sidebar_right'  ><div  class='avia-slideshow av-bxyc-1e23ffa773e9d6120c8e510dbc1b9047 avia-slideshow-featured av_slideshow_full avia-slide-slider av-slideshow-ui av-control-default av-slideshow-manual av-loop-once av-loop-manual-endless av-default-height-applied  image_no_stretch avia-slideshow-1' data-slideshow-options=\"{&quot;animation&quot;:&quot;slide&quot;,&quot;autoplay&quot;:false,&quot;loop_autoplay&quot;:&quot;once&quot;,&quot;interval&quot;:100,&quot;loop_manual&quot;:&quot;manual-endless&quot;,&quot;autoplay_stopper&quot;:false,&quot;noNavigation&quot;:false,&quot;bg_slider&quot;:false,&quot;keep_padding&quot;:false,&quot;hoverpause&quot;:false,&quot;show_slide_delay&quot;:0}\"  itemprop=\"image\" itemscope=\"itemscope\" itemtype=\"https:\/\/schema.org\/ImageObject\" ><ul class='avia-slideshow-inner ' style='padding-bottom: 28.666666666667%;'><li  class='avia-slideshow-slide av-bxyc-1e23ffa773e9d6120c8e510dbc1b9047__0  av-single-slide slide-1 slide-odd'><div data-rel='slideshow-1' class='avia-slide-wrap '   ><img fetchpriority=\"high\" class=\"wp-image-664 avia-img-lazy-loading-not-664\"  src='https:\/\/www.vfl-westercelle.de\/ju-ju\/wp-content\/uploads\/sites\/2\/2016\/07\/slider-1500x430.jpg' width='1500' height='430' title='slider' alt=''  itemprop=\"thumbnailUrl\"   \/><\/div><\/li><\/ul><\/div><\/div><div id='after_full_slider_1'  class='main_color av_default_container_wrap container_wrap sidebar_right'  ><div class='container av-section-cont-open' ><div class='template-page content  av-content-small alpha units'><div class='post-entry post-entry-type-page post-entry-20'><div class='entry-content-wrapper clearfix'>\n\n<style type=\"text\/css\" data-created_by=\"avia_inline_auto\" id=\"style-css-av-r4hc-25b34a984bfbab968669967bc946a619\">\n.flex_column.av-r4hc-25b34a984bfbab968669967bc946a619{\nborder-radius:0px 0px 0px 0px;\npadding:0px 0px 0px 0px;\n}\n<\/style>\n<div  class='flex_column av-r4hc-25b34a984bfbab968669967bc946a619 av_one_full  avia-builder-el-1  el_after_av_slideshow_full  avia-builder-el-no-sibling  first flex_column_div av-zero-column-padding  '     ><div id='av-masonry-1' class='av-masonry av-kpo9gr12-2140d7ae107d762b37674c01b75273a5 noHover av-flex-size av-large-gap av-hover-overlay- av-masonry-animation- av-masonry-col-2 av-caption-always av-caption-style- av-masonry-entries ' data-post_id=\"20\"><div class=\"av-masonry-container isotope av-js-disabled\"><div class='av-masonry-entry isotope-item av-masonry-item-no-image '><\/div><a href=\"https:\/\/www.vfl-westercelle.de\/ju-ju\/theodor-godawa-erkaempft-sich-platz-9-bei-der-ju-jutsu-jugend-europameisterschaft\/\"  id='av-masonry-1-item-3508' data-av-masonry-item='3508' class='av-masonry-entry isotope-item post-3508 post type-post status-publish format-standard has-post-thumbnail hentry category-allgemein category-ju-jutsu-news tag-pressebericht tag-selbstverteidigung tag-wettkampfbericht  av-masonry-item-with-image' title=\"19-03-2026_EM_U16_Theodor_Godawa\"   itemscope=\"itemscope\" itemtype=\"https:\/\/schema.org\/CreativeWork\" ><div class='av-inner-masonry-sizer'><\/div><figure class='av-inner-masonry main_color'><div class=\"av-masonry-outerimage-container\"><div class='av-masonry-image-container'  ><img decoding=\"async\" width=\"705\" height=\"471\" fetchpriority=\"high\" class=\"wp-image-3509 avia-img-lazy-loading-not-3509\"  src=\"https:\/\/www.vfl-westercelle.de\/ju-ju\/wp-content\/uploads\/sites\/2\/2026\/03\/19-03-2026_EM_U16_Theodor_Godawa-705x471.jpg\" title=\"19-03-2026_EM_U16_Theodor_Godawa\" alt=\"\" srcset=\"https:\/\/www.vfl-westercelle.de\/ju-ju\/wp-content\/uploads\/sites\/2\/2026\/03\/19-03-2026_EM_U16_Theodor_Godawa-705x471.jpg 705w, https:\/\/www.vfl-westercelle.de\/ju-ju\/wp-content\/uploads\/sites\/2\/2026\/03\/19-03-2026_EM_U16_Theodor_Godawa-300x200.jpg 300w, https:\/\/www.vfl-westercelle.de\/ju-ju\/wp-content\/uploads\/sites\/2\/2026\/03\/19-03-2026_EM_U16_Theodor_Godawa-1030x688.jpg 1030w, https:\/\/www.vfl-westercelle.de\/ju-ju\/wp-content\/uploads\/sites\/2\/2026\/03\/19-03-2026_EM_U16_Theodor_Godawa-768x513.jpg 768w, https:\/\/www.vfl-westercelle.de\/ju-ju\/wp-content\/uploads\/sites\/2\/2026\/03\/19-03-2026_EM_U16_Theodor_Godawa-1536x1025.jpg 1536w, https:\/\/www.vfl-westercelle.de\/ju-ju\/wp-content\/uploads\/sites\/2\/2026\/03\/19-03-2026_EM_U16_Theodor_Godawa-2048x1367.jpg 2048w, https:\/\/www.vfl-westercelle.de\/ju-ju\/wp-content\/uploads\/sites\/2\/2026\/03\/19-03-2026_EM_U16_Theodor_Godawa-1500x1001.jpg 1500w\" sizes=\"(max-width: 705px) 100vw, 705px\" \/><\/div><\/div><figcaption class='av-inner-masonry-content site-background'><div class='av-inner-masonry-content-pos'><div class='av-inner-masonry-content-pos-content'><div class='avia-arrow'><\/div><h3 class='av-masonry-entry-title entry-title '  itemprop=\"headline\" >Theodor Godawa erk\u00e4mpft sich Platz 9 bei der Ju-Jutsu Jugend-Europameisterschaft<\/h3><span class='av-masonry-date meta-color updated'>23. M\u00e4rz 2026<\/span><span class=\"av-masonry-text-sep text-sep-author\">\/<\/span><span class='av-masonry-author meta-color author'><span class='fn'>von K. Sell<\/span><\/span><\/div><\/div><\/figcaption><\/figure><\/a><!--end av-masonry entry--><a href=\"https:\/\/www.vfl-westercelle.de\/ju-ju\/18-titel-bei-der-ju-jutsu-landesmeisterschaft-fuer-den-vfl-westercelle\/\"  id='av-masonry-1-item-3505' data-av-masonry-item='3505' class='av-masonry-entry isotope-item post-3505 post type-post status-publish format-standard has-post-thumbnail hentry category-allgemein category-ju-jutsu-news tag-pressebericht tag-wettkampfbericht  av-masonry-item-with-image' title=\"Gruppenbild_Fighting-BJJ_LEM_2026\"   itemscope=\"itemscope\" itemtype=\"https:\/\/schema.org\/CreativeWork\" ><div class='av-inner-masonry-sizer'><\/div><figure class='av-inner-masonry main_color'><div class=\"av-masonry-outerimage-container\"><div class='av-masonry-image-container'  ><img decoding=\"async\" width=\"705\" height=\"329\" fetchpriority=\"high\" class=\"wp-image-3504 avia-img-lazy-loading-not-3504\"  src=\"https:\/\/www.vfl-westercelle.de\/ju-ju\/wp-content\/uploads\/sites\/2\/2026\/03\/Gruppenbild_Fighting-BJJ_LEM_2026-705x329.png\" title=\"Gruppenbild_Fighting-BJJ_LEM_2026\" alt=\"\" srcset=\"https:\/\/www.vfl-westercelle.de\/ju-ju\/wp-content\/uploads\/sites\/2\/2026\/03\/Gruppenbild_Fighting-BJJ_LEM_2026-705x329.png 705w, https:\/\/www.vfl-westercelle.de\/ju-ju\/wp-content\/uploads\/sites\/2\/2026\/03\/Gruppenbild_Fighting-BJJ_LEM_2026-300x140.png 300w, https:\/\/www.vfl-westercelle.de\/ju-ju\/wp-content\/uploads\/sites\/2\/2026\/03\/Gruppenbild_Fighting-BJJ_LEM_2026-1030x481.png 1030w, https:\/\/www.vfl-westercelle.de\/ju-ju\/wp-content\/uploads\/sites\/2\/2026\/03\/Gruppenbild_Fighting-BJJ_LEM_2026-768x359.png 768w, https:\/\/www.vfl-westercelle.de\/ju-ju\/wp-content\/uploads\/sites\/2\/2026\/03\/Gruppenbild_Fighting-BJJ_LEM_2026-1536x717.png 1536w, https:\/\/www.vfl-westercelle.de\/ju-ju\/wp-content\/uploads\/sites\/2\/2026\/03\/Gruppenbild_Fighting-BJJ_LEM_2026-1500x701.png 1500w, https:\/\/www.vfl-westercelle.de\/ju-ju\/wp-content\/uploads\/sites\/2\/2026\/03\/Gruppenbild_Fighting-BJJ_LEM_2026.png 1700w\" sizes=\"(max-width: 705px) 100vw, 705px\" \/><\/div><\/div><figcaption class='av-inner-masonry-content site-background'><div class='av-inner-masonry-content-pos'><div class='av-inner-masonry-content-pos-content'><div class='avia-arrow'><\/div><h3 class='av-masonry-entry-title entry-title '  itemprop=\"headline\" >18 Titel bei der Ju-Jutsu Landesmeisterschaft f\u00fcr den VfL Westercelle<\/h3><span class='av-masonry-date meta-color updated'>9. M\u00e4rz 2026<\/span><span class=\"av-masonry-text-sep text-sep-author\">\/<\/span><span class='av-masonry-author meta-color author'><span class='fn'>von K. Sell<\/span><\/span><\/div><\/div><\/figcaption><\/figure><\/a><!--end av-masonry entry--><a href=\"https:\/\/www.vfl-westercelle.de\/ju-ju\/bjj-team-gewinnt-teamwertung-in-berlin\/\"  id='av-masonry-1-item-3490' data-av-masonry-item='3490' class='av-masonry-entry isotope-item post-3490 post type-post status-publish format-standard has-post-thumbnail hentry category-allgemein category-ju-jutsu-news tag-pressebericht tag-top tag-wettkampfbericht  av-masonry-item-with-image' title=\"Gruppenbild_BJJ_Berlin_2026\"   itemscope=\"itemscope\" itemtype=\"https:\/\/schema.org\/CreativeWork\" ><div class='av-inner-masonry-sizer'><\/div><figure class='av-inner-masonry main_color'><div class=\"av-masonry-outerimage-container\"><div class='av-masonry-image-container'  ><img decoding=\"async\" width=\"705\" height=\"529\" fetchpriority=\"high\" class=\"wp-image-3489 avia-img-lazy-loading-not-3489\"  src=\"https:\/\/www.vfl-westercelle.de\/ju-ju\/wp-content\/uploads\/sites\/2\/2026\/02\/Gruppenbild_BJJ_Berlin_2026-705x529.jpg\" title=\"Gruppenbild_BJJ_Berlin_2026\" alt=\"\" srcset=\"https:\/\/www.vfl-westercelle.de\/ju-ju\/wp-content\/uploads\/sites\/2\/2026\/02\/Gruppenbild_BJJ_Berlin_2026-705x529.jpg 705w, https:\/\/www.vfl-westercelle.de\/ju-ju\/wp-content\/uploads\/sites\/2\/2026\/02\/Gruppenbild_BJJ_Berlin_2026-300x225.jpg 300w, https:\/\/www.vfl-westercelle.de\/ju-ju\/wp-content\/uploads\/sites\/2\/2026\/02\/Gruppenbild_BJJ_Berlin_2026-1030x773.jpg 1030w, https:\/\/www.vfl-westercelle.de\/ju-ju\/wp-content\/uploads\/sites\/2\/2026\/02\/Gruppenbild_BJJ_Berlin_2026-768x576.jpg 768w, https:\/\/www.vfl-westercelle.de\/ju-ju\/wp-content\/uploads\/sites\/2\/2026\/02\/Gruppenbild_BJJ_Berlin_2026-1536x1152.jpg 1536w, https:\/\/www.vfl-westercelle.de\/ju-ju\/wp-content\/uploads\/sites\/2\/2026\/02\/Gruppenbild_BJJ_Berlin_2026-1500x1125.jpg 1500w, https:\/\/www.vfl-westercelle.de\/ju-ju\/wp-content\/uploads\/sites\/2\/2026\/02\/Gruppenbild_BJJ_Berlin_2026.jpg 1600w\" sizes=\"(max-width: 705px) 100vw, 705px\" \/><\/div><\/div><figcaption class='av-inner-masonry-content site-background'><div class='av-inner-masonry-content-pos'><div class='av-inner-masonry-content-pos-content'><div class='avia-arrow'><\/div><h3 class='av-masonry-entry-title entry-title '  itemprop=\"headline\" >BJJ-Team gewinnt Teamwertung in Berlin<\/h3><span class='av-masonry-date meta-color updated'>4. Februar 2026<\/span><span class=\"av-masonry-text-sep text-sep-author\">\/<\/span><span class='av-masonry-author meta-color author'><span class='fn'>von K. Sell<\/span><\/span><\/div><\/div><\/figcaption><\/figure><\/a><!--end av-masonry entry--><a href=\"https:\/\/www.vfl-westercelle.de\/ju-ju\/3-wm-titel-fuer-kristin-raddatz-theodor-godawa-ist-vizeweltmeister\/\"  id='av-masonry-1-item-3479' data-av-masonry-item='3479' class='av-masonry-entry isotope-item post-3479 post type-post status-publish format-standard has-post-thumbnail hentry category-allgemein category-ju-jutsu-news tag-pressebericht tag-wettkampfbericht  av-masonry-item-with-image' title=\"2025_WM_Gruppenbild\"   itemscope=\"itemscope\" itemtype=\"https:\/\/schema.org\/CreativeWork\" ><div class='av-inner-masonry-sizer'><\/div><figure class='av-inner-masonry main_color'><div class=\"av-masonry-outerimage-container\"><div class='av-masonry-image-container'  ><img decoding=\"async\" width=\"705\" height=\"530\" fetchpriority=\"high\" class=\"wp-image-3464 avia-img-lazy-loading-not-3464\"  src=\"https:\/\/www.vfl-westercelle.de\/ju-ju\/wp-content\/uploads\/sites\/2\/2025\/11\/2025_WM_Gruppenbild-e1763494079404-705x530.jpeg\" title=\"2025_WM_Gruppenbild\" alt=\"\" srcset=\"https:\/\/www.vfl-westercelle.de\/ju-ju\/wp-content\/uploads\/sites\/2\/2025\/11\/2025_WM_Gruppenbild-e1763494079404-705x530.jpeg 705w, https:\/\/www.vfl-westercelle.de\/ju-ju\/wp-content\/uploads\/sites\/2\/2025\/11\/2025_WM_Gruppenbild-e1763494079404-300x225.jpeg 300w, https:\/\/www.vfl-westercelle.de\/ju-ju\/wp-content\/uploads\/sites\/2\/2025\/11\/2025_WM_Gruppenbild-e1763494079404-1030x774.jpeg 1030w, https:\/\/www.vfl-westercelle.de\/ju-ju\/wp-content\/uploads\/sites\/2\/2025\/11\/2025_WM_Gruppenbild-e1763494079404-768x577.jpeg 768w, https:\/\/www.vfl-westercelle.de\/ju-ju\/wp-content\/uploads\/sites\/2\/2025\/11\/2025_WM_Gruppenbild-e1763494079404-1500x1127.jpeg 1500w, https:\/\/www.vfl-westercelle.de\/ju-ju\/wp-content\/uploads\/sites\/2\/2025\/11\/2025_WM_Gruppenbild-e1763494079404.jpeg 1535w\" sizes=\"(max-width: 705px) 100vw, 705px\" \/><\/div><\/div><figcaption class='av-inner-masonry-content site-background'><div class='av-inner-masonry-content-pos'><div class='av-inner-masonry-content-pos-content'><div class='avia-arrow'><\/div><h3 class='av-masonry-entry-title entry-title '  itemprop=\"headline\" >3. WM-Titel f\u00fcr Kristin Raddatz \u2013 Theodor Godawa ist Vizeweltmeister<\/h3><span class='av-masonry-date meta-color updated'>18. November 2025<\/span><span class=\"av-masonry-text-sep text-sep-author\">\/<\/span><span class='av-masonry-author meta-color author'><span class='fn'>von K. Sell<\/span><\/span><\/div><\/div><\/figcaption><\/figure><\/a><!--end av-masonry entry--><a href=\"https:\/\/www.vfl-westercelle.de\/ju-ju\/37-ju-jutsuka-erreichen-den-naechsten-kyu-grad\/\"  id='av-masonry-1-item-3457' data-av-masonry-item='3457' class='av-masonry-entry isotope-item post-3457 post type-post status-publish format-standard has-post-thumbnail hentry category-ju-jutsu-news  av-masonry-item-with-image' title=\"Erfolgreiche_Pr\u00fcflinge_2025\"   itemscope=\"itemscope\" itemtype=\"https:\/\/schema.org\/CreativeWork\" ><div class='av-inner-masonry-sizer'><\/div><figure class='av-inner-masonry main_color'><div class=\"av-masonry-outerimage-container\"><div class='av-masonry-image-container'  ><img decoding=\"async\" width=\"705\" height=\"215\" fetchpriority=\"high\" class=\"wp-image-3455 avia-img-lazy-loading-not-3455\"  src=\"https:\/\/www.vfl-westercelle.de\/ju-ju\/wp-content\/uploads\/sites\/2\/2025\/07\/Erfolgreiche_Prueflinge_2025-705x215.png\" title=\"Erfolgreiche_Pr\u00fcflinge_2025\" alt=\"\" srcset=\"https:\/\/www.vfl-westercelle.de\/ju-ju\/wp-content\/uploads\/sites\/2\/2025\/07\/Erfolgreiche_Prueflinge_2025-705x215.png 705w, https:\/\/www.vfl-westercelle.de\/ju-ju\/wp-content\/uploads\/sites\/2\/2025\/07\/Erfolgreiche_Prueflinge_2025-300x92.png 300w, https:\/\/www.vfl-westercelle.de\/ju-ju\/wp-content\/uploads\/sites\/2\/2025\/07\/Erfolgreiche_Prueflinge_2025-1030x314.png 1030w, https:\/\/www.vfl-westercelle.de\/ju-ju\/wp-content\/uploads\/sites\/2\/2025\/07\/Erfolgreiche_Prueflinge_2025-768x234.png 768w, https:\/\/www.vfl-westercelle.de\/ju-ju\/wp-content\/uploads\/sites\/2\/2025\/07\/Erfolgreiche_Prueflinge_2025-1536x469.png 1536w, https:\/\/www.vfl-westercelle.de\/ju-ju\/wp-content\/uploads\/sites\/2\/2025\/07\/Erfolgreiche_Prueflinge_2025-1500x458.png 1500w, https:\/\/www.vfl-westercelle.de\/ju-ju\/wp-content\/uploads\/sites\/2\/2025\/07\/Erfolgreiche_Prueflinge_2025.png 1724w\" sizes=\"(max-width: 705px) 100vw, 705px\" \/><\/div><\/div><figcaption class='av-inner-masonry-content site-background'><div class='av-inner-masonry-content-pos'><div class='av-inner-masonry-content-pos-content'><div class='avia-arrow'><\/div><h3 class='av-masonry-entry-title entry-title '  itemprop=\"headline\" >37 Ju-Jutsuka erreichen den n\u00e4chsten Kyu-Grad<\/h3><span class='av-masonry-date meta-color updated'>27. Juli 2025<\/span><span class=\"av-masonry-text-sep text-sep-author\">\/<\/span><span class='av-masonry-author meta-color author'><span class='fn'>von K. Sell<\/span><\/span><\/div><\/div><\/figcaption><\/figure><\/a><!--end av-masonry entry--><a href=\"https:\/\/www.vfl-westercelle.de\/ju-ju\/3-vizetitel-bei-der-deutschen-ju-jutsu-meisterschaft\/\"  id='av-masonry-1-item-3451' data-av-masonry-item='3451' class='av-masonry-entry isotope-item post-3451 post type-post status-publish format-standard has-post-thumbnail hentry category-allgemein category-ju-jutsu-news tag-pressebericht tag-wettkampfbericht  av-masonry-item-with-image' title=\"Silberlinge_DEM_2025\"   itemscope=\"itemscope\" itemtype=\"https:\/\/schema.org\/CreativeWork\" ><div class='av-inner-masonry-sizer'><\/div><figure class='av-inner-masonry main_color'><div class=\"av-masonry-outerimage-container\"><div class='av-masonry-image-container'  ><img decoding=\"async\" width=\"705\" height=\"249\" fetchpriority=\"high\" class=\"wp-image-3448 avia-img-lazy-loading-not-3448\"  src=\"https:\/\/www.vfl-westercelle.de\/ju-ju\/wp-content\/uploads\/sites\/2\/2025\/06\/Silberlinge_DEM_2025-705x249.png\" title=\"Silberlinge_DEM_2025\" alt=\"\" srcset=\"https:\/\/www.vfl-westercelle.de\/ju-ju\/wp-content\/uploads\/sites\/2\/2025\/06\/Silberlinge_DEM_2025-705x249.png 705w, https:\/\/www.vfl-westercelle.de\/ju-ju\/wp-content\/uploads\/sites\/2\/2025\/06\/Silberlinge_DEM_2025-300x106.png 300w, https:\/\/www.vfl-westercelle.de\/ju-ju\/wp-content\/uploads\/sites\/2\/2025\/06\/Silberlinge_DEM_2025-1030x364.png 1030w, https:\/\/www.vfl-westercelle.de\/ju-ju\/wp-content\/uploads\/sites\/2\/2025\/06\/Silberlinge_DEM_2025-768x271.png 768w, https:\/\/www.vfl-westercelle.de\/ju-ju\/wp-content\/uploads\/sites\/2\/2025\/06\/Silberlinge_DEM_2025-1536x543.png 1536w, https:\/\/www.vfl-westercelle.de\/ju-ju\/wp-content\/uploads\/sites\/2\/2025\/06\/Silberlinge_DEM_2025-1500x530.png 1500w, https:\/\/www.vfl-westercelle.de\/ju-ju\/wp-content\/uploads\/sites\/2\/2025\/06\/Silberlinge_DEM_2025.png 1548w\" sizes=\"(max-width: 705px) 100vw, 705px\" \/><\/div><\/div><figcaption class='av-inner-masonry-content site-background'><div class='av-inner-masonry-content-pos'><div class='av-inner-masonry-content-pos-content'><div class='avia-arrow'><\/div><h3 class='av-masonry-entry-title entry-title '  itemprop=\"headline\" >3 Vizetitel bei der Deutschen Ju-Jutsu Meisterschaft<\/h3><span class='av-masonry-date meta-color updated'>29. Juni 2025<\/span><span class=\"av-masonry-text-sep text-sep-author\">\/<\/span><span class='av-masonry-author meta-color author'><span class='fn'>von K. Sell<\/span><\/span><\/div><\/div><\/figcaption><\/figure><\/a><!--end av-masonry entry--><a href=\"https:\/\/www.vfl-westercelle.de\/ju-ju\/4-mal-gold-fuer-westerceller-ju-jutsuka-bei-der-deutschen-meisterschaft-der-jugend\/\"  id='av-masonry-1-item-3442' data-av-masonry-item='3442' class='av-masonry-entry isotope-item post-3442 post type-post status-publish format-standard has-post-thumbnail hentry category-allgemein category-ju-jutsu-news tag-pressebericht tag-wettkampfbericht  av-masonry-item-with-image' title=\"ASC_6270\"   itemscope=\"itemscope\" itemtype=\"https:\/\/schema.org\/CreativeWork\" ><div class='av-inner-masonry-sizer'><\/div><figure class='av-inner-masonry main_color'><div class=\"av-masonry-outerimage-container\"><div class='av-masonry-image-container'  ><img decoding=\"async\" width=\"705\" height=\"471\" fetchpriority=\"high\" class=\"wp-image-3419 avia-img-lazy-loading-not-3419\"  src=\"https:\/\/www.vfl-westercelle.de\/ju-ju\/wp-content\/uploads\/sites\/2\/2025\/05\/ASC_6270-705x471.jpg\" title=\"ASC_6270\" alt=\"\" srcset=\"https:\/\/www.vfl-westercelle.de\/ju-ju\/wp-content\/uploads\/sites\/2\/2025\/05\/ASC_6270-705x471.jpg 705w, https:\/\/www.vfl-westercelle.de\/ju-ju\/wp-content\/uploads\/sites\/2\/2025\/05\/ASC_6270-300x200.jpg 300w, https:\/\/www.vfl-westercelle.de\/ju-ju\/wp-content\/uploads\/sites\/2\/2025\/05\/ASC_6270-1030x688.jpg 1030w, https:\/\/www.vfl-westercelle.de\/ju-ju\/wp-content\/uploads\/sites\/2\/2025\/05\/ASC_6270-768x513.jpg 768w, https:\/\/www.vfl-westercelle.de\/ju-ju\/wp-content\/uploads\/sites\/2\/2025\/05\/ASC_6270-1536x1025.jpg 1536w, https:\/\/www.vfl-westercelle.de\/ju-ju\/wp-content\/uploads\/sites\/2\/2025\/05\/ASC_6270-2048x1367.jpg 2048w, https:\/\/www.vfl-westercelle.de\/ju-ju\/wp-content\/uploads\/sites\/2\/2025\/05\/ASC_6270-1500x1001.jpg 1500w\" sizes=\"(max-width: 705px) 100vw, 705px\" \/><\/div><\/div><figcaption class='av-inner-masonry-content site-background'><div class='av-inner-masonry-content-pos'><div class='av-inner-masonry-content-pos-content'><div class='avia-arrow'><\/div><h3 class='av-masonry-entry-title entry-title '  itemprop=\"headline\" >4-mal Gold f\u00fcr Westerceller Ju-Jutsuka bei der Deutschen Meisterschaft der Jugend<\/h3><span class='av-masonry-date meta-color updated'>27. Mai 2025<\/span><span class=\"av-masonry-text-sep text-sep-author\">\/<\/span><span class='av-masonry-author meta-color author'><span class='fn'>von K. Sell<\/span><\/span><\/div><\/div><\/figcaption><\/figure><\/a><!--end av-masonry entry--><a href=\"https:\/\/www.vfl-westercelle.de\/ju-ju\/5-norddeutsche-titel-im-ju-jutsu-fuer-den-vfl-westercelle\/\"  id='av-masonry-1-item-3393' data-av-masonry-item='3393' class='av-masonry-entry isotope-item post-3393 post type-post status-publish format-standard has-post-thumbnail hentry category-allgemein category-ju-jutsu-news tag-pressebericht tag-wettkampfbericht  av-masonry-item-with-image' title=\"GEM Ju-Jutsu in Winsen (Luhe)\"   itemscope=\"itemscope\" itemtype=\"https:\/\/schema.org\/CreativeWork\" ><div class='av-inner-masonry-sizer'><\/div><figure class='av-inner-masonry main_color'><div class=\"av-masonry-outerimage-container\"><div class='av-masonry-image-container'  ><img decoding=\"async\" width=\"705\" height=\"471\" fetchpriority=\"high\" class=\"wp-image-3384 avia-img-lazy-loading-not-3384\"  src=\"https:\/\/www.vfl-westercelle.de\/ju-ju\/wp-content\/uploads\/sites\/2\/2025\/04\/NDM_2025_Niklas_blau_Ura-Nage-705x471.jpg\" title=\"GEM Ju-Jutsu in Winsen (Luhe)\" alt=\"\" srcset=\"https:\/\/www.vfl-westercelle.de\/ju-ju\/wp-content\/uploads\/sites\/2\/2025\/04\/NDM_2025_Niklas_blau_Ura-Nage-705x471.jpg 705w, https:\/\/www.vfl-westercelle.de\/ju-ju\/wp-content\/uploads\/sites\/2\/2025\/04\/NDM_2025_Niklas_blau_Ura-Nage-300x200.jpg 300w, https:\/\/www.vfl-westercelle.de\/ju-ju\/wp-content\/uploads\/sites\/2\/2025\/04\/NDM_2025_Niklas_blau_Ura-Nage-1030x688.jpg 1030w, https:\/\/www.vfl-westercelle.de\/ju-ju\/wp-content\/uploads\/sites\/2\/2025\/04\/NDM_2025_Niklas_blau_Ura-Nage-768x513.jpg 768w, https:\/\/www.vfl-westercelle.de\/ju-ju\/wp-content\/uploads\/sites\/2\/2025\/04\/NDM_2025_Niklas_blau_Ura-Nage-1536x1025.jpg 1536w, https:\/\/www.vfl-westercelle.de\/ju-ju\/wp-content\/uploads\/sites\/2\/2025\/04\/NDM_2025_Niklas_blau_Ura-Nage-2048x1367.jpg 2048w, https:\/\/www.vfl-westercelle.de\/ju-ju\/wp-content\/uploads\/sites\/2\/2025\/04\/NDM_2025_Niklas_blau_Ura-Nage-1500x1001.jpg 1500w\" sizes=\"(max-width: 705px) 100vw, 705px\" \/><\/div><\/div><figcaption class='av-inner-masonry-content site-background'><div class='av-inner-masonry-content-pos'><div class='av-inner-masonry-content-pos-content'><div class='avia-arrow'><\/div><h3 class='av-masonry-entry-title entry-title '  itemprop=\"headline\" >5 Norddeutsche Titel im Ju-Jutsu f\u00fcr den VfL Westercelle<\/h3><span class='av-masonry-date meta-color updated'>8. April 2025<\/span><span class=\"av-masonry-text-sep text-sep-author\">\/<\/span><span class='av-masonry-author meta-color author'><span class='fn'>von K. Sell<\/span><\/span><\/div><\/div><\/figcaption><\/figure><\/a><!--end av-masonry entry--><a href=\"https:\/\/www.vfl-westercelle.de\/ju-ju\/theodor-godawa-ist-europameister\/\"  id='av-masonry-1-item-3349' data-av-masonry-item='3349' class='av-masonry-entry isotope-item post-3349 post type-post status-publish format-standard has-post-thumbnail hentry category-allgemein category-ju-jutsu-news tag-pressebericht tag-wettkampfbericht  av-masonry-item-with-image' title=\"JEM_2025_Siegerehrung_Theodor_Godawa\"   itemscope=\"itemscope\" itemtype=\"https:\/\/schema.org\/CreativeWork\" ><div class='av-inner-masonry-sizer'><\/div><figure class='av-inner-masonry main_color'><div class=\"av-masonry-outerimage-container\"><div class='av-masonry-image-container'  ><img decoding=\"async\" width=\"705\" height=\"470\" fetchpriority=\"high\" class=\"wp-image-3350 avia-img-lazy-loading-not-3350\"  src=\"https:\/\/www.vfl-westercelle.de\/ju-ju\/wp-content\/uploads\/sites\/2\/2025\/03\/JEM_2025_Siegerehrung_Theodor_Godawa-705x470.jpg\" title=\"JEM_2025_Siegerehrung_Theodor_Godawa\" alt=\"\" srcset=\"https:\/\/www.vfl-westercelle.de\/ju-ju\/wp-content\/uploads\/sites\/2\/2025\/03\/JEM_2025_Siegerehrung_Theodor_Godawa-705x470.jpg 705w, https:\/\/www.vfl-westercelle.de\/ju-ju\/wp-content\/uploads\/sites\/2\/2025\/03\/JEM_2025_Siegerehrung_Theodor_Godawa-300x200.jpg 300w, https:\/\/www.vfl-westercelle.de\/ju-ju\/wp-content\/uploads\/sites\/2\/2025\/03\/JEM_2025_Siegerehrung_Theodor_Godawa-1030x687.jpg 1030w, https:\/\/www.vfl-westercelle.de\/ju-ju\/wp-content\/uploads\/sites\/2\/2025\/03\/JEM_2025_Siegerehrung_Theodor_Godawa-768x512.jpg 768w, https:\/\/www.vfl-westercelle.de\/ju-ju\/wp-content\/uploads\/sites\/2\/2025\/03\/JEM_2025_Siegerehrung_Theodor_Godawa-1536x1024.jpg 1536w, https:\/\/www.vfl-westercelle.de\/ju-ju\/wp-content\/uploads\/sites\/2\/2025\/03\/JEM_2025_Siegerehrung_Theodor_Godawa-2048x1365.jpg 2048w, https:\/\/www.vfl-westercelle.de\/ju-ju\/wp-content\/uploads\/sites\/2\/2025\/03\/JEM_2025_Siegerehrung_Theodor_Godawa-1500x1000.jpg 1500w\" sizes=\"(max-width: 705px) 100vw, 705px\" \/><\/div><\/div><figcaption class='av-inner-masonry-content site-background'><div class='av-inner-masonry-content-pos'><div class='av-inner-masonry-content-pos-content'><div class='avia-arrow'><\/div><h3 class='av-masonry-entry-title entry-title '  itemprop=\"headline\" >Theodor Godawa ist Europameister<\/h3><span class='av-masonry-date meta-color updated'>24. M\u00e4rz 2025<\/span><span class=\"av-masonry-text-sep text-sep-author\">\/<\/span><span class='av-masonry-author meta-color author'><span class='fn'>von K. Sell<\/span><\/span><\/div><\/div><\/figcaption><\/figure><\/a><!--end av-masonry entry--><a href=\"https:\/\/www.vfl-westercelle.de\/ju-ju\/17-titel-bei-der-ju-jutsu-landesmeisterschaft-fuer-den-vfl-westercelle\/\"  id='av-masonry-1-item-3309' data-av-masonry-item='3309' class='av-masonry-entry isotope-item post-3309 post type-post status-publish format-standard has-post-thumbnail hentry category-allgemein category-ju-jutsu-news tag-pressebericht tag-wettkampfbericht  av-masonry-item-with-image' title=\"LEM_2025_Andreas_rot_Wurf\"   itemscope=\"itemscope\" itemtype=\"https:\/\/schema.org\/CreativeWork\" ><div class='av-inner-masonry-sizer'><\/div><figure class='av-inner-masonry main_color'><div class=\"av-masonry-outerimage-container\"><div class='av-masonry-image-container'  ><img decoding=\"async\" width=\"705\" height=\"471\" fetchpriority=\"high\" class=\"wp-image-3310 avia-img-lazy-loading-not-3310\"  src=\"https:\/\/www.vfl-westercelle.de\/ju-ju\/wp-content\/uploads\/sites\/2\/2025\/03\/LEM_2025_Andreas_rot_Wurf-705x471.jpg\" title=\"LEM_2025_Andreas_rot_Wurf\" alt=\"\" srcset=\"https:\/\/www.vfl-westercelle.de\/ju-ju\/wp-content\/uploads\/sites\/2\/2025\/03\/LEM_2025_Andreas_rot_Wurf-705x471.jpg 705w, https:\/\/www.vfl-westercelle.de\/ju-ju\/wp-content\/uploads\/sites\/2\/2025\/03\/LEM_2025_Andreas_rot_Wurf-300x200.jpg 300w, https:\/\/www.vfl-westercelle.de\/ju-ju\/wp-content\/uploads\/sites\/2\/2025\/03\/LEM_2025_Andreas_rot_Wurf-1030x688.jpg 1030w, https:\/\/www.vfl-westercelle.de\/ju-ju\/wp-content\/uploads\/sites\/2\/2025\/03\/LEM_2025_Andreas_rot_Wurf-768x513.jpg 768w, https:\/\/www.vfl-westercelle.de\/ju-ju\/wp-content\/uploads\/sites\/2\/2025\/03\/LEM_2025_Andreas_rot_Wurf-1536x1025.jpg 1536w, https:\/\/www.vfl-westercelle.de\/ju-ju\/wp-content\/uploads\/sites\/2\/2025\/03\/LEM_2025_Andreas_rot_Wurf-2048x1367.jpg 2048w, https:\/\/www.vfl-westercelle.de\/ju-ju\/wp-content\/uploads\/sites\/2\/2025\/03\/LEM_2025_Andreas_rot_Wurf-1500x1001.jpg 1500w\" sizes=\"(max-width: 705px) 100vw, 705px\" \/><\/div><\/div><figcaption class='av-inner-masonry-content site-background'><div class='av-inner-masonry-content-pos'><div class='av-inner-masonry-content-pos-content'><div class='avia-arrow'><\/div><h3 class='av-masonry-entry-title entry-title '  itemprop=\"headline\" >17 Titel bei der Ju-Jutsu Landesmeisterschaft f\u00fcr den VfL Westercelle<\/h3><span class='av-masonry-date meta-color updated'>5. M\u00e4rz 2025<\/span><span class=\"av-masonry-text-sep text-sep-author\">\/<\/span><span class='av-masonry-author meta-color author'><span class='fn'>von K. Sell<\/span><\/span><\/div><\/div><\/figcaption><\/figure><\/a><!--end av-masonry entry--><a href=\"https:\/\/www.vfl-westercelle.de\/ju-ju\/1-bjj-turnier-king-tatami-des-vfl-westercelle-erfolgreich\/\"  id='av-masonry-1-item-3289' data-av-masonry-item='3289' class='av-masonry-entry isotope-item post-3289 post type-post status-publish format-standard has-post-thumbnail hentry category-allgemein category-ju-jutsu-news tag-pressebericht tag-wettkampfbericht  av-masonry-item-with-image' title=\"Liza_Gold\"   itemscope=\"itemscope\" itemtype=\"https:\/\/schema.org\/CreativeWork\" ><div class='av-inner-masonry-sizer'><\/div><figure class='av-inner-masonry main_color'><div class=\"av-masonry-outerimage-container\"><div class='av-masonry-image-container'  ><img decoding=\"async\" width=\"470\" height=\"705\" fetchpriority=\"high\" class=\"wp-image-3283 avia-img-lazy-loading-not-3283\"  src=\"https:\/\/www.vfl-westercelle.de\/ju-ju\/wp-content\/uploads\/sites\/2\/2025\/02\/Liza_Gold-470x705.jpeg\" title=\"Liza_Gold\" alt=\"\" srcset=\"https:\/\/www.vfl-westercelle.de\/ju-ju\/wp-content\/uploads\/sites\/2\/2025\/02\/Liza_Gold-470x705.jpeg 470w, https:\/\/www.vfl-westercelle.de\/ju-ju\/wp-content\/uploads\/sites\/2\/2025\/02\/Liza_Gold-200x300.jpeg 200w, https:\/\/www.vfl-westercelle.de\/ju-ju\/wp-content\/uploads\/sites\/2\/2025\/02\/Liza_Gold-687x1030.jpeg 687w, https:\/\/www.vfl-westercelle.de\/ju-ju\/wp-content\/uploads\/sites\/2\/2025\/02\/Liza_Gold-768x1152.jpeg 768w, https:\/\/www.vfl-westercelle.de\/ju-ju\/wp-content\/uploads\/sites\/2\/2025\/02\/Liza_Gold-1024x1536.jpeg 1024w, https:\/\/www.vfl-westercelle.de\/ju-ju\/wp-content\/uploads\/sites\/2\/2025\/02\/Liza_Gold-1365x2048.jpeg 1365w, https:\/\/www.vfl-westercelle.de\/ju-ju\/wp-content\/uploads\/sites\/2\/2025\/02\/Liza_Gold-1000x1500.jpeg 1000w, https:\/\/www.vfl-westercelle.de\/ju-ju\/wp-content\/uploads\/sites\/2\/2025\/02\/Liza_Gold-scaled.jpeg 1707w\" sizes=\"(max-width: 470px) 100vw, 470px\" \/><\/div><\/div><figcaption class='av-inner-masonry-content site-background'><div class='av-inner-masonry-content-pos'><div class='av-inner-masonry-content-pos-content'><div class='avia-arrow'><\/div><h3 class='av-masonry-entry-title entry-title '  itemprop=\"headline\" >1. BJJ-Turnier \u201eKing Tatami\u201c des VfL Westercelle erfolgreich<\/h3><span class='av-masonry-date meta-color updated'>16. Februar 2025<\/span><span class=\"av-masonry-text-sep text-sep-author\">\/<\/span><span class='av-masonry-author meta-color author'><span class='fn'>von K. Sell<\/span><\/span><\/div><\/div><\/figcaption><\/figure><\/a><!--end av-masonry entry--><a href=\"https:\/\/www.vfl-westercelle.de\/ju-ju\/die-kleinsten-ganz-gross-vfl-nachwuchs-erfolgreich-beim-eulencup-in-peine\/\"  id='av-masonry-1-item-3266' data-av-masonry-item='3266' class='av-masonry-entry isotope-item post-3266 post type-post status-publish format-standard has-post-thumbnail hentry category-allgemein category-ju-jutsu-news tag-pressebericht tag-wettkampfbericht  av-masonry-item-with-image' title=\"Gruppenfoto_Eulencup_mit_Trainern_2024\"   itemscope=\"itemscope\" itemtype=\"https:\/\/schema.org\/CreativeWork\" ><div class='av-inner-masonry-sizer'><\/div><figure class='av-inner-masonry main_color'><div class=\"av-masonry-outerimage-container\"><div class='av-masonry-image-container'  ><img decoding=\"async\" width=\"705\" height=\"529\" fetchpriority=\"high\" class=\"wp-image-3267 avia-img-lazy-loading-not-3267\"  src=\"https:\/\/www.vfl-westercelle.de\/ju-ju\/wp-content\/uploads\/sites\/2\/2024\/11\/Gruppenfoto_Eulencup_mit_Trainern_2024-705x529.jpg\" title=\"Gruppenfoto_Eulencup_mit_Trainern_2024\" alt=\"\" srcset=\"https:\/\/www.vfl-westercelle.de\/ju-ju\/wp-content\/uploads\/sites\/2\/2024\/11\/Gruppenfoto_Eulencup_mit_Trainern_2024-705x529.jpg 705w, https:\/\/www.vfl-westercelle.de\/ju-ju\/wp-content\/uploads\/sites\/2\/2024\/11\/Gruppenfoto_Eulencup_mit_Trainern_2024-300x225.jpg 300w, https:\/\/www.vfl-westercelle.de\/ju-ju\/wp-content\/uploads\/sites\/2\/2024\/11\/Gruppenfoto_Eulencup_mit_Trainern_2024-1030x773.jpg 1030w, https:\/\/www.vfl-westercelle.de\/ju-ju\/wp-content\/uploads\/sites\/2\/2024\/11\/Gruppenfoto_Eulencup_mit_Trainern_2024-768x576.jpg 768w, https:\/\/www.vfl-westercelle.de\/ju-ju\/wp-content\/uploads\/sites\/2\/2024\/11\/Gruppenfoto_Eulencup_mit_Trainern_2024-1536x1152.jpg 1536w, https:\/\/www.vfl-westercelle.de\/ju-ju\/wp-content\/uploads\/sites\/2\/2024\/11\/Gruppenfoto_Eulencup_mit_Trainern_2024-1500x1125.jpg 1500w, https:\/\/www.vfl-westercelle.de\/ju-ju\/wp-content\/uploads\/sites\/2\/2024\/11\/Gruppenfoto_Eulencup_mit_Trainern_2024.jpg 2048w\" sizes=\"(max-width: 705px) 100vw, 705px\" \/><\/div><\/div><figcaption class='av-inner-masonry-content site-background'><div class='av-inner-masonry-content-pos'><div class='av-inner-masonry-content-pos-content'><div class='avia-arrow'><\/div><h3 class='av-masonry-entry-title entry-title '  itemprop=\"headline\" >Die Kleinsten ganz gro\u00df \u2013 VfL-Nachwuchs erfolgreich beim Eulencup in Peine<\/h3><span class='av-masonry-date meta-color updated'>12. November 2024<\/span><span class=\"av-masonry-text-sep text-sep-author\">\/<\/span><span class='av-masonry-author meta-color author'><span class='fn'>von K. Sell<\/span><\/span><\/div><\/div><\/figcaption><\/figure><\/a><!--end av-masonry entry--><a href=\"https:\/\/www.vfl-westercelle.de\/ju-ju\/silber-und-bronze-bei-der-jugendweltmeisterschaft-auf-kreta\/\"  id='av-masonry-1-item-3239' data-av-masonry-item='3239' class='av-masonry-entry isotope-item post-3239 post type-post status-publish format-standard has-post-thumbnail hentry category-allgemein category-ju-jutsu-news tag-pressebericht tag-wettkampfbericht  av-masonry-item-with-image' title=\"2024_11_03_WM_Isha_rot_Gyaku-Zuki\"   itemscope=\"itemscope\" itemtype=\"https:\/\/schema.org\/CreativeWork\" ><div class='av-inner-masonry-sizer'><\/div><figure class='av-inner-masonry main_color'><div class=\"av-masonry-outerimage-container\"><div class='av-masonry-image-container'  ><img decoding=\"async\" width=\"705\" height=\"470\" fetchpriority=\"high\" class=\"wp-image-3245 avia-img-lazy-loading-not-3245\"  src=\"https:\/\/www.vfl-westercelle.de\/ju-ju\/wp-content\/uploads\/sites\/2\/2024\/11\/2024_11_03_WM_Isha_rot_Gyaku-Zuki-705x470.jpg\" title=\"2024_11_03_WM_Isha_rot_Gyaku-Zuki\" alt=\"\" srcset=\"https:\/\/www.vfl-westercelle.de\/ju-ju\/wp-content\/uploads\/sites\/2\/2024\/11\/2024_11_03_WM_Isha_rot_Gyaku-Zuki-705x470.jpg 705w, https:\/\/www.vfl-westercelle.de\/ju-ju\/wp-content\/uploads\/sites\/2\/2024\/11\/2024_11_03_WM_Isha_rot_Gyaku-Zuki-300x200.jpg 300w, https:\/\/www.vfl-westercelle.de\/ju-ju\/wp-content\/uploads\/sites\/2\/2024\/11\/2024_11_03_WM_Isha_rot_Gyaku-Zuki-1030x687.jpg 1030w, https:\/\/www.vfl-westercelle.de\/ju-ju\/wp-content\/uploads\/sites\/2\/2024\/11\/2024_11_03_WM_Isha_rot_Gyaku-Zuki-768x512.jpg 768w, https:\/\/www.vfl-westercelle.de\/ju-ju\/wp-content\/uploads\/sites\/2\/2024\/11\/2024_11_03_WM_Isha_rot_Gyaku-Zuki-1536x1024.jpg 1536w, https:\/\/www.vfl-westercelle.de\/ju-ju\/wp-content\/uploads\/sites\/2\/2024\/11\/2024_11_03_WM_Isha_rot_Gyaku-Zuki-2048x1365.jpg 2048w, https:\/\/www.vfl-westercelle.de\/ju-ju\/wp-content\/uploads\/sites\/2\/2024\/11\/2024_11_03_WM_Isha_rot_Gyaku-Zuki-1500x1000.jpg 1500w\" sizes=\"(max-width: 705px) 100vw, 705px\" \/><\/div><\/div><figcaption class='av-inner-masonry-content site-background'><div class='av-inner-masonry-content-pos'><div class='av-inner-masonry-content-pos-content'><div class='avia-arrow'><\/div><h3 class='av-masonry-entry-title entry-title '  itemprop=\"headline\" >Silber und Bronze bei der Jugendweltmeisterschaft auf Kreta<\/h3><span class='av-masonry-date meta-color updated'>7. November 2024<\/span><span class=\"av-masonry-text-sep text-sep-author\">\/<\/span><span class='av-masonry-author meta-color author'><span class='fn'>von K. Sell<\/span><\/span><\/div><\/div><\/figcaption><\/figure><\/a><!--end av-masonry entry--><a href=\"https:\/\/www.vfl-westercelle.de\/ju-ju\/3-titel-fuer-fuer-den-vfl-bei-den-deutschen-schuelermeisterschaften\/\"  id='av-masonry-1-item-3223' data-av-masonry-item='3223' class='av-masonry-entry isotope-item post-3223 post type-post status-publish format-standard has-post-thumbnail hentry category-allgemein category-ju-jutsu-news tag-pressebericht tag-wettkampfbericht  av-masonry-item-with-image' title=\"IMG_20240511_200224\"   itemscope=\"itemscope\" itemtype=\"https:\/\/schema.org\/CreativeWork\" ><div class='av-inner-masonry-sizer'><\/div><figure class='av-inner-masonry main_color'><div class=\"av-masonry-outerimage-container\"><div class='av-masonry-image-container'  ><img decoding=\"async\" width=\"705\" height=\"529\" fetchpriority=\"high\" class=\"wp-image-3214 avia-img-lazy-loading-not-3214\"  src=\"https:\/\/www.vfl-westercelle.de\/ju-ju\/wp-content\/uploads\/sites\/2\/2024\/05\/IMG_20240511_200224-705x529.jpg\" title=\"IMG_20240511_200224\" alt=\"\" srcset=\"https:\/\/www.vfl-westercelle.de\/ju-ju\/wp-content\/uploads\/sites\/2\/2024\/05\/IMG_20240511_200224-705x529.jpg 705w, https:\/\/www.vfl-westercelle.de\/ju-ju\/wp-content\/uploads\/sites\/2\/2024\/05\/IMG_20240511_200224-300x225.jpg 300w, https:\/\/www.vfl-westercelle.de\/ju-ju\/wp-content\/uploads\/sites\/2\/2024\/05\/IMG_20240511_200224-1030x773.jpg 1030w, https:\/\/www.vfl-westercelle.de\/ju-ju\/wp-content\/uploads\/sites\/2\/2024\/05\/IMG_20240511_200224-768x576.jpg 768w, https:\/\/www.vfl-westercelle.de\/ju-ju\/wp-content\/uploads\/sites\/2\/2024\/05\/IMG_20240511_200224-1536x1152.jpg 1536w, https:\/\/www.vfl-westercelle.de\/ju-ju\/wp-content\/uploads\/sites\/2\/2024\/05\/IMG_20240511_200224-2048x1536.jpg 2048w, https:\/\/www.vfl-westercelle.de\/ju-ju\/wp-content\/uploads\/sites\/2\/2024\/05\/IMG_20240511_200224-1500x1125.jpg 1500w\" sizes=\"(max-width: 705px) 100vw, 705px\" \/><\/div><\/div><figcaption class='av-inner-masonry-content site-background'><div class='av-inner-masonry-content-pos'><div class='av-inner-masonry-content-pos-content'><div class='avia-arrow'><\/div><h3 class='av-masonry-entry-title entry-title '  itemprop=\"headline\" >3 Titel f\u00fcr f\u00fcr den VfL bei den Deutschen Sch\u00fclermeisterschaften<\/h3><span class='av-masonry-date meta-color updated'>15. Mai 2024<\/span><span class=\"av-masonry-text-sep text-sep-author\">\/<\/span><span class='av-masonry-author meta-color author'><span class='fn'>von K. Sell<\/span><\/span><\/div><\/div><\/figcaption><\/figure><\/a><!--end av-masonry entry--><\/div><a class='av-masonry-pagination av-masonry-load-more' href='#load-more'  data-link='category, 1'  data-term_rel='IN'  data-wc_prod_visible=''  data-wc_prod_hidden='hide'  data-wc_prod_featured=''  data-wc_prod_sale=''  data-prod_order_by=''  data-prod_order=''  data-date_filter=''  data-date_filter_start=''  data-date_filter_end=''  data-date_filter_format='yy\/mm\/dd'  data-period_filter_unit_1=''  data-period_filter_unit_2=''  data-page_element_filter=''  data-sort='no'  data-query_orderby='date'  data-query_order='DESC'  data-caption_elements='title'  data-caption_styling=''  data-caption_display='always'  data-img_copyright=''  data-size='flex'  data-orientation=''  data-image_size='masonry'  data-gap='large'  data-columns='2'  data-av-desktop-columns=''  data-av-medium-columns=''  data-av-small-columns=''  data-av-mini-columns=''  data-items='14'  data-paginate='load_more'  data-color=''  data-custom_bg=''  data-img_copyright_font=''  data-av-desktop-font-img_copyright_font=''  data-av-medium-font-img_copyright_font=''  data-av-small-font-img_copyright_font=''  data-av-mini-font-img_copyright_font=''  data-img_copyright_color=''  data-img_copyright_bg=''  data-animation=''  data-animation_duration=''  data-animation_custom_bg_color=''  data-animation_custom_bg_color_multi_list=''  data-animation_z_index_curtain='100'  data-overlay_fx=''  data-img_scrset=''  data-lazy_loading='disabled'  data-av-desktop-hide=''  data-av-medium-hide=''  data-av-small-hide=''  data-av-mini-hide=''  data-alb_description=''  data-id=''  data-custom_class=''  data-template_class=''  data-av_uid='av-kpo9gr12'  data-sc_version='1.0'  data-ids=''  data-action=''  data-post_type='post, page, attachment, revision, nav_menu_item, custom_css, customize_changeset, oembed_cache, user_request, wp_block, wp_template, wp_template_part, wp_global_styles, wp_navigation, wp_font_family, wp_font_face, dflip, event, event-recurring, location, alb_custom_layout, avia_framework_post, tablepress_table, portfolio, wp_stream_alerts'  data-offset='0'  data-container_links='active'  data-link_dest=''  data-lightbox_text=''  data-container_class='av-masonry-entries'  data-auto_ratio='1.7'  data-set_breadcrumb='1'  data-custom_markup=''  data-taxonomy='category'  data-categories='1'  data-avno='f837e9e057'>Mehr laden<\/a><\/div><\/div>\n","protected":false},"excerpt":{"rendered":"","protected":false},"author":8,"featured_media":0,"parent":0,"menu_order":0,"comment_status":"closed","ping_status":"closed","template":"","meta":{"footnotes":""},"class_list":["post-20","page","type-page","status-publish","hentry"],"_links":{"self":[{"href":"https:\/\/www.vfl-westercelle.de\/ju-ju\/wp-json\/wp\/v2\/pages\/20","targetHints":{"allow":["GET"]}}],"collection":[{"href":"https:\/\/www.vfl-westercelle.de\/ju-ju\/wp-json\/wp\/v2\/pages"}],"about":[{"href":"https:\/\/www.vfl-westercelle.de\/ju-ju\/wp-json\/wp\/v2\/types\/page"}],"author":[{"embeddable":true,"href":"https:\/\/www.vfl-westercelle.de\/ju-ju\/wp-json\/wp\/v2\/users\/8"}],"replies":[{"embeddable":true,"href":"https:\/\/www.vfl-westercelle.de\/ju-ju\/wp-json\/wp\/v2\/comments?post=20"}],"version-history":[{"count":10,"href":"https:\/\/www.vfl-westercelle.de\/ju-ju\/wp-json\/wp\/v2\/pages\/20\/revisions"}],"predecessor-version":[{"id":2657,"href":"https:\/\/www.vfl-westercelle.de\/ju-ju\/wp-json\/wp\/v2\/pages\/20\/revisions\/2657"}],"wp:attachment":[{"href":"https:\/\/www.vfl-westercelle.de\/ju-ju\/wp-json\/wp\/v2\/media?parent=20"}],"curies":[{"name":"wp","href":"https:\/\/api.w.org\/{rel}","templated":true}]}}