{"id":41,"date":"2017-07-25T00:31:14","date_gmt":"2017-07-24T22:31:14","guid":{"rendered":"http:\/\/www.vfl-westercelle.de\/schwim\/?page_id=41"},"modified":"2025-12-04T10:43:18","modified_gmt":"2025-12-04T09:43:18","slug":"schwimmen-beim-vfl","status":"publish","type":"page","link":"https:\/\/www.vfl-westercelle.de\/schwim\/","title":{"rendered":"Schwimmen beim VfL"},"content":{"rendered":"<div  class='flex_column av-3sol-db474e332b402bf52f77615fcd707513 av_one_full  avia-builder-el-0  el_before_av_one_full  avia-builder-el-first  first flex_column_div  '     ><p>\n<style type=\"text\/css\" data-created_by=\"avia_inline_auto\" id=\"style-css-av-m0no3af3-c39b7e2f91ec1c744ac504e50e095aab\">\n#top .av-special-heading.av-m0no3af3-c39b7e2f91ec1c744ac504e50e095aab{\npadding-bottom:10px;\ncolor:#e03835;\n}\nbody .av-special-heading.av-m0no3af3-c39b7e2f91ec1c744ac504e50e095aab .av-special-heading-tag .heading-char{\nfont-size:25px;\n}\n.av-special-heading.av-m0no3af3-c39b7e2f91ec1c744ac504e50e095aab .special-heading-inner-border{\nborder-color:#e03835;\n}\n.av-special-heading.av-m0no3af3-c39b7e2f91ec1c744ac504e50e095aab .av-subheading{\nfont-size:15px;\n}\n<\/style>\n<div  class='av-special-heading av-m0no3af3-c39b7e2f91ec1c744ac504e50e095aab av-special-heading-h3 custom-color-heading  avia-builder-el-1  el_before_av_textblock  avia-builder-el-first '><h3 class='av-special-heading-tag '  itemprop=\"headline\"  >AUFNAHMESTOPP!<\/h3><div class=\"special-heading-border\"><div class=\"special-heading-inner-border\"><\/div><\/div><\/div><br \/>\n\n<style type=\"text\/css\" data-created_by=\"avia_inline_auto\" id=\"style-css-av-m0no1u9m-02a2f7030feeb2b924fcbe56248c6ab7\">\n#top .av_textblock_section.av-m0no1u9m-02a2f7030feeb2b924fcbe56248c6ab7 .avia_textblock{\ncolor:#e53737;\n}\n<\/style>\n<section  class='av_textblock_section av-m0no1u9m-02a2f7030feeb2b924fcbe56248c6ab7 '   itemscope=\"itemscope\" itemtype=\"https:\/\/schema.org\/CreativeWork\" ><div class='avia_textblock av_inherit_color'  itemprop=\"text\" ><p><span style=\"color: red;\">Aufgrund der hohen Nachfrage sind unsere <strong>Seepferdchenkurse<\/strong> bis <strong>Ende 2026 ausgebucht<\/strong>. Vorerst nehmen wir <b>keine Anmeldungen <\/b>mehr an.<\/span><\/p>\n<\/div><\/section><\/p><\/div>\n<div  class='flex_column av-13b2t-207ffa14a49029913efcf1a7a93ed32d av_one_full  avia-builder-el-3  el_after_av_one_full  el_before_av_one_half  first flex_column_div  column-top-margin'     ><style type=\"text\/css\" data-created_by=\"avia_inline_auto\" id=\"style-css-av-79afp-a1c35e769f8e582fbf7f5a32f2cc4f49\">\n#top .av-special-heading.av-79afp-a1c35e769f8e582fbf7f5a32f2cc4f49{\npadding-bottom:10px;\n}\nbody .av-special-heading.av-79afp-a1c35e769f8e582fbf7f5a32f2cc4f49 .av-special-heading-tag .heading-char{\nfont-size:25px;\n}\n.av-special-heading.av-79afp-a1c35e769f8e582fbf7f5a32f2cc4f49 .av-subheading{\nfont-size:15px;\n}\n<\/style>\n<div  class='av-special-heading av-79afp-a1c35e769f8e582fbf7f5a32f2cc4f49 av-special-heading-h3  avia-builder-el-4  avia-builder-el-no-sibling '><h3 class='av-special-heading-tag '  itemprop=\"headline\"  >Die Schwimmsparte<\/h3><div class=\"special-heading-border\"><div class=\"special-heading-inner-border\"><\/div><\/div><\/div><\/div>\n<div  class='flex_column av-27ezd-0727baf52d62f608d5e5ca2f391fa0f8 av_one_half  avia-builder-el-5  el_after_av_one_full  el_before_av_one_half  first flex_column_div  column-top-margin'     ><section  class='avia-team-member av-hxxx-c081aebb251bdcb8215054dc678510cc  avia-builder-el-6  avia-builder-el-no-sibling '  itemscope=\"itemscope\" itemtype=\"https:\/\/schema.org\/Person\" ><div class=\"team-img-container\"><img decoding=\"async\" fetchpriority=\"high\" class='wp-image-140 avia-img-lazy-loading-not-140 avia_image avia_image_team' src=\"https:\/\/www.vfl-westercelle.de\/schwim\/wp-content\/uploads\/sites\/17\/2017\/07\/Niebuhr_Angela.jpg\" alt='Angela Niebuhr'  itemprop=\"image\"   height=\"333\" width=\"500\" srcset=\"https:\/\/www.vfl-westercelle.de\/schwim\/wp-content\/uploads\/sites\/17\/2017\/07\/Niebuhr_Angela.jpg 500w, https:\/\/www.vfl-westercelle.de\/schwim\/wp-content\/uploads\/sites\/17\/2017\/07\/Niebuhr_Angela-300x200.jpg 300w, https:\/\/www.vfl-westercelle.de\/schwim\/wp-content\/uploads\/sites\/17\/2017\/07\/Niebuhr_Angela-450x300.jpg 450w\" sizes=\"(max-width: 500px) 100vw, 500px\" \/><div class=\"team-social\"><div class=\"team-social-inner\"><span class='hidden av_member_url_markup '  itemprop=\"email\" >mailto:s&#99;&#104;&#119;&#105;&#109;&#109;&#101;&#110;&#64;&#118;&#x66;&#x6c;&#x2d;&#x77;&#x65;&#x73;&#x74;&#x65;&#x72;&#x63;&#x65;&#x6c;&#x6c;&#x65;&#x2e;de<\/span><a href='&#x6d;&#97;&#105;&#x6c;&#x74;&#111;&#58;&#x73;&#x63;&#104;&#119;&#x69;&#x6d;&#109;&#101;&#x6e;&#x40;&#118;&#102;&#x6c;&#x2d;&#119;&#101;&#x73;&#x74;&#101;&#114;&#x63;&#x65;&#108;&#108;&#x65;&#x2e;&#100;&#101;' class='avia-team-icon av-1h9ut-5489134337af7db02f9df28e56239dc4 avia-iconfont avia-font-entypo-fontello' rel='v:url' data-avia-tooltip=\"&#115;&#x63;&#104;&#x77;i&#109;&#x6d;&#101;&#x6e;&#64;&#x76;f&#108;&#x2d;&#119;&#x65;s&#x74;&#x65;&#114;&#x63;e&#x6c;l&#101;&#x2e;&#100;&#x65;\"  data-av_icon='\ue805' data-av_iconfont='entypo-fontello' ><\/a><a class='avia-team-icon av-43031-9c970fd8e9d2576c941fd63a8eda7ad9 avia-iconfont avia-font-entypo-fontello' data-avia-tooltip=\"05141 \/ 2050772\" data-av_icon='\ue854' data-av_iconfont='entypo-fontello' ><\/a><\/div><\/div><\/div><h3 class='team-member-name '  itemprop=\"name\" >Angela Niebuhr<\/h3><div class='team-member-job-title '  itemprop=\"jobTitle\" >Spartenleiterin, Ansprechpartnerin & Trainerin<\/div><span class='hidden team-member-affiliation'  itemprop=\"affiliation\" >VfL Westercelle - Schwimmen<\/span><\/section><\/div>\n<div  class='flex_column av-21of9-aa56a82aea15f60568d01e6392d5ce01 av_one_half  avia-builder-el-7  el_after_av_one_half  el_before_av_one_full  flex_column_div  column-top-margin'     ><p>\n<style type=\"text\/css\" data-created_by=\"avia_inline_auto\" id=\"style-css-av-1okw9-74e10d6ebc94499eefe26b2101145b3f\">\n.iconbox.av-1okw9-74e10d6ebc94499eefe26b2101145b3f .iconbox_icon{\nbackground-color:#000000;\ncolor:#000000;\n}\n.iconbox.av-1okw9-74e10d6ebc94499eefe26b2101145b3f .iconbox_icon.avia-svg-icon svg:first-child{\nfill:#000000;\nstroke:#000000;\n}\n<\/style>\n<article  class='iconbox iconbox_left_content av-1okw9-74e10d6ebc94499eefe26b2101145b3f  avia-builder-el-8  el_before_av_icon_box  avia-builder-el-first '  itemscope=\"itemscope\" itemtype=\"https:\/\/schema.org\/CreativeWork\" ><div class='iconbox_icon heading-color avia-iconfont avia-font-entypo-fontello' data-av_icon='\ue80a' data-av_iconfont='entypo-fontello'  ><\/div><div class=\"iconbox_content\"><header class=\"entry-content-header\" aria-label=\"Icon: \u00dcber uns\"><h3 class='iconbox_content_title '  itemprop=\"headline\" >\u00dcber uns<\/h3><\/header><div class='iconbox_content_container '  itemprop=\"text\" ><p>Das Angebot der Schwimmsparte im VfL Westercelle bietet spezielle Kurse, Nachwuchssport und Wassergymnastik. Kinder <strong>ab<\/strong> <b>6<\/b>\u00a0<strong>Jahren<\/strong> f\u00fchren wir regelm\u00e4\u00dfig an den Erwerb des Fr\u00fchschwimmer-Abzeichens \u201eSeepferdchen\u201c heran und legen damit den Grundstein f\u00fcr Sicherheit und Begeisterung im Wasser. Darauf aufbauend k\u00f6nnen Kinder und Jugendliche dann die Ausbildung f\u00fcr das Deutsche Jugendschwimmabzeichen in Bronze (gegebenenfalls in Silber) bei uns absolvieren.<\/p>\n<p>Erwachsene k\u00f6nnen bei uns w\u00f6chentlich an einer Einheit Wassergymnastik teilnehmen.<\/p>\n<\/div><\/div><footer class=\"entry-footer\"><\/footer><\/article><br \/>\n\n<style type=\"text\/css\" data-created_by=\"avia_inline_auto\" id=\"style-css-av-p8lh-84608f18aeea05463b6a7860714b14c1\">\n.iconbox.av-p8lh-84608f18aeea05463b6a7860714b14c1 .iconbox_icon{\nbackground-color:#1d1d1d;\ncolor:#ffee00;\n}\n.iconbox.av-p8lh-84608f18aeea05463b6a7860714b14c1 .iconbox_icon.avia-svg-icon svg:first-child{\nfill:#ffee00;\nstroke:#ffee00;\n}\n<\/style>\n<article  class='iconbox iconbox_left_content av-p8lh-84608f18aeea05463b6a7860714b14c1  avia-builder-el-9  el_after_av_icon_box  avia-builder-el-last '  itemscope=\"itemscope\" itemtype=\"https:\/\/schema.org\/CreativeWork\" ><div class='iconbox_icon heading-color avia-iconfont avia-font-entypo-fontello' data-av_icon='\ue841' data-av_iconfont='entypo-fontello'  ><\/div><div class=\"iconbox_content\"><header class=\"entry-content-header\" aria-label=\"Icon: Trainingsst\u00e4tte\"><h3 class='iconbox_content_title '  itemprop=\"headline\" >Trainingsst\u00e4tte<\/h3><\/header><div class='iconbox_content_container '  itemprop=\"text\" ><p>Unsere zentrale Trainingsst\u00e4tte f\u00fcr alle Aktivit\u00e4ten ist das Hallenbad in der 77er Stra\u00dfe.<\/p>\n<\/div><\/div><footer class=\"entry-footer\"><\/footer><\/article><\/p><\/div>\n<style type=\"text\/css\" data-created_by=\"avia_inline_auto\" id=\"style-css-av-ot0d-1424dade667302ceaded17fd9d22c32c\">\n.flex_column.av-ot0d-1424dade667302ceaded17fd9d22c32c{\nborder-radius:0px 0px 0px 0px;\npadding:0px 0px 0px 0px;\n}\n<\/style>\n<div  class='flex_column av-ot0d-1424dade667302ceaded17fd9d22c32c av_one_full  avia-builder-el-10  el_after_av_one_half  el_before_av_one_third  first flex_column_div av-zero-column-padding  column-top-margin'     ><style type=\"text\/css\" data-created_by=\"avia_inline_auto\" id=\"style-css-av-sk1h-1f728060e3f249bd2f7a95496bec3fed\">\n#top .av-special-heading.av-sk1h-1f728060e3f249bd2f7a95496bec3fed{\npadding-bottom:10px;\n}\nbody .av-special-heading.av-sk1h-1f728060e3f249bd2f7a95496bec3fed .av-special-heading-tag .heading-char{\nfont-size:25px;\n}\n.av-special-heading.av-sk1h-1f728060e3f249bd2f7a95496bec3fed .av-subheading{\nfont-size:15px;\n}\n<\/style>\n<div  class='av-special-heading av-sk1h-1f728060e3f249bd2f7a95496bec3fed av-special-heading-h3  avia-builder-el-11  avia-builder-el-no-sibling '><h3 class='av-special-heading-tag '  itemprop=\"headline\"  >und weitere Trainerinnen<\/h3><div class=\"special-heading-border\"><div class=\"special-heading-inner-border\"><\/div><\/div><\/div><\/div><\/p>\n\n<style type=\"text\/css\" data-created_by=\"avia_inline_auto\" id=\"style-css-av-5khjp-ae017f485185adc8ee030c81617ca9b9\">\n.flex_column.av-5khjp-ae017f485185adc8ee030c81617ca9b9{\nborder-radius:0px 0px 0px 0px;\npadding:0px 0px 0px 0px;\n}\n<\/style>\n<div  class='flex_column av-5khjp-ae017f485185adc8ee030c81617ca9b9 av_one_third  avia-builder-el-12  el_after_av_one_full  el_before_av_one_third  first flex_column_div av-zero-column-padding  column-top-margin'     ><section  class='avia-team-member av-2lzlh-eec3559ace1822f061a72a6c6812ccb3  avia-builder-el-13  avia-builder-el-no-sibling '  itemscope=\"itemscope\" itemtype=\"https:\/\/schema.org\/Person\" ><div class=\"team-img-container\"><img decoding=\"async\" fetchpriority=\"high\" class='wp-image-142 avia-img-lazy-loading-not-142 avia_image avia_image_team' src=\"https:\/\/www.vfl-westercelle.de\/schwim\/wp-content\/uploads\/sites\/17\/2017\/07\/Barthel_Regine.jpg\" alt='Regine Barthel'  itemprop=\"image\"   height=\"333\" width=\"500\" srcset=\"https:\/\/www.vfl-westercelle.de\/schwim\/wp-content\/uploads\/sites\/17\/2017\/07\/Barthel_Regine.jpg 500w, https:\/\/www.vfl-westercelle.de\/schwim\/wp-content\/uploads\/sites\/17\/2017\/07\/Barthel_Regine-300x200.jpg 300w, https:\/\/www.vfl-westercelle.de\/schwim\/wp-content\/uploads\/sites\/17\/2017\/07\/Barthel_Regine-450x300.jpg 450w\" sizes=\"(max-width: 500px) 100vw, 500px\" \/><\/div><h3 class='team-member-name '  itemprop=\"name\" >Regine Barthel<\/h3><div class='team-member-job-title '  itemprop=\"jobTitle\" >Trainerin<\/div><span class='hidden team-member-affiliation'  itemprop=\"affiliation\" >VfL Westercelle - Schwimmen<\/span><\/section><\/div>\n\n<style type=\"text\/css\" data-created_by=\"avia_inline_auto\" id=\"style-css-av-3ap99-3937df85db35b6b3fcc7f6346abea5f1\">\n.flex_column.av-3ap99-3937df85db35b6b3fcc7f6346abea5f1{\nborder-radius:0px 0px 0px 0px;\npadding:0px 0px 0px 0px;\n}\n<\/style>\n<div  class='flex_column av-3ap99-3937df85db35b6b3fcc7f6346abea5f1 av_one_third  avia-builder-el-14  el_after_av_one_third  el_before_av_gallery  flex_column_div av-zero-column-padding  column-top-margin'     ><section  class='avia-team-member av-1c6wp-ab238bff602b8230905e529628c529d5  avia-builder-el-15  avia-builder-el-no-sibling '  itemscope=\"itemscope\" itemtype=\"https:\/\/schema.org\/Person\" ><div class=\"team-img-container\"><img decoding=\"async\" fetchpriority=\"high\" class='wp-image-258 avia-img-lazy-loading-not-258 avia_image avia_image_team' src=\"https:\/\/www.vfl-westercelle.de\/schwim\/wp-content\/uploads\/sites\/17\/2023\/02\/VfL_Miriam_Ott.jpg\" alt='Miriam Ott'  itemprop=\"image\"   height=\"416\" width=\"629\" srcset=\"https:\/\/www.vfl-westercelle.de\/schwim\/wp-content\/uploads\/sites\/17\/2023\/02\/VfL_Miriam_Ott.jpg 629w, https:\/\/www.vfl-westercelle.de\/schwim\/wp-content\/uploads\/sites\/17\/2023\/02\/VfL_Miriam_Ott-300x198.jpg 300w\" sizes=\"(max-width: 629px) 100vw, 629px\" \/><\/div><h3 class='team-member-name '  itemprop=\"name\" >Miriam Ott<\/h3><div class='team-member-job-title '  itemprop=\"jobTitle\" >\u00dcbungsleiterin<\/div><span class='hidden team-member-affiliation'  itemprop=\"affiliation\" >VfL Westercelle - Schwimmen<\/span><\/section><\/div>\n\n<style type=\"text\/css\" data-created_by=\"avia_inline_auto\" id=\"style-css-av-2o3h-9e31acfbb990ecff4e0ef8aaac0a10c0\">\n#top .avia-gallery.av-2o3h-9e31acfbb990ecff4e0ef8aaac0a10c0 .avia-gallery-thumb a{\nwidth:20%;\n}\n<\/style>\n<div  class='avia-gallery av-2o3h-9e31acfbb990ecff4e0ef8aaac0a10c0 avia_animate_when_visible  avia-builder-el-16  el_after_av_one_third  avia-builder-el-last  avia_lazyload avia-gallery-animate avia-gallery-1'  itemprop=\"image\" itemscope=\"itemscope\" itemtype=\"https:\/\/schema.org\/ImageObject\" ><meta itemprop=\"contentURL\" content=\"https:\/\/www.vfl-westercelle.de\/schwim\/\"><div class='avia-gallery-thumb'><a href=\"https:\/\/www.vfl-westercelle.de\/schwim\/wp-content\/uploads\/sites\/17\/2017\/07\/header_logo_schwimmen.png\" data-srcset=\"https:\/\/www.vfl-westercelle.de\/schwim\/wp-content\/uploads\/sites\/17\/2017\/07\/header_logo_schwimmen.png 658w, https:\/\/www.vfl-westercelle.de\/schwim\/wp-content\/uploads\/sites\/17\/2017\/07\/header_logo_schwimmen-300x194.png 300w, https:\/\/www.vfl-westercelle.de\/schwim\/wp-content\/uploads\/sites\/17\/2017\/07\/header_logo_schwimmen-450x291.png 450w\" data-sizes=\"(max-width: 658px) 100vw, 658px\" data-rel='gallery-1' data-prev-img='https:\/\/www.vfl-westercelle.de\/schwim\/wp-content\/uploads\/sites\/17\/2017\/07\/header_logo_schwimmen-495x400.png' class='first_thumb lightbox ' data-onclick='1' title='header_logo_schwimmen'  itemprop=\"thumbnailUrl\"  ><img decoding=\"async\" fetchpriority=\"high\" class=\"wp-image-87 avia-img-lazy-loading-not-87\"   src=\"https:\/\/www.vfl-westercelle.de\/schwim\/wp-content\/uploads\/sites\/17\/2017\/07\/header_logo_schwimmen.png\" width=\"658\" height=\"426\"  title='header_logo_schwimmen' alt='' srcset=\"https:\/\/www.vfl-westercelle.de\/schwim\/wp-content\/uploads\/sites\/17\/2017\/07\/header_logo_schwimmen.png 658w, https:\/\/www.vfl-westercelle.de\/schwim\/wp-content\/uploads\/sites\/17\/2017\/07\/header_logo_schwimmen-300x194.png 300w, https:\/\/www.vfl-westercelle.de\/schwim\/wp-content\/uploads\/sites\/17\/2017\/07\/header_logo_schwimmen-450x291.png 450w\" sizes=\"(max-width: 658px) 100vw, 658px\" \/><div class='big-prev-fake'><img decoding=\"async\" loading=\"lazy\" class=\"wp-image-87 avia-img-lazy-loading-87\"  width=\"495\" height=\"400\" src=\"https:\/\/www.vfl-westercelle.de\/schwim\/wp-content\/uploads\/sites\/17\/2017\/07\/header_logo_schwimmen-495x400.png\" title='header_logo_schwimmen' alt='' \/><\/div><\/a><a href=\"https:\/\/www.vfl-westercelle.de\/schwim\/wp-content\/uploads\/sites\/17\/2017\/07\/Bild_Abzeichen_Seepferdchen.png\" data-srcset=\"https:\/\/www.vfl-westercelle.de\/schwim\/wp-content\/uploads\/sites\/17\/2017\/07\/Bild_Abzeichen_Seepferdchen.png 202w, https:\/\/www.vfl-westercelle.de\/schwim\/wp-content\/uploads\/sites\/17\/2017\/07\/Bild_Abzeichen_Seepferdchen-80x80.png 80w, https:\/\/www.vfl-westercelle.de\/schwim\/wp-content\/uploads\/sites\/17\/2017\/07\/Bild_Abzeichen_Seepferdchen-36x36.png 36w, https:\/\/www.vfl-westercelle.de\/schwim\/wp-content\/uploads\/sites\/17\/2017\/07\/Bild_Abzeichen_Seepferdchen-120x120.png 120w\" data-sizes=\"(max-width: 202px) 100vw, 202px\" data-rel='gallery-1' data-prev-img='https:\/\/www.vfl-westercelle.de\/schwim\/wp-content\/uploads\/sites\/17\/2017\/07\/Bild_Abzeichen_Seepferdchen.png' class='lightbox ' data-onclick='2' title='Bild_Abzeichen_Seepferdchen'  itemprop=\"thumbnailUrl\"  ><img decoding=\"async\" fetchpriority=\"high\" class=\"wp-image-26 avia-img-lazy-loading-not-26\"   src=\"https:\/\/www.vfl-westercelle.de\/schwim\/wp-content\/uploads\/sites\/17\/2017\/07\/Bild_Abzeichen_Seepferdchen.png\" width=\"202\" height=\"200\"  title='Bild_Abzeichen_Seepferdchen' alt='' srcset=\"https:\/\/www.vfl-westercelle.de\/schwim\/wp-content\/uploads\/sites\/17\/2017\/07\/Bild_Abzeichen_Seepferdchen.png 202w, https:\/\/www.vfl-westercelle.de\/schwim\/wp-content\/uploads\/sites\/17\/2017\/07\/Bild_Abzeichen_Seepferdchen-80x80.png 80w, https:\/\/www.vfl-westercelle.de\/schwim\/wp-content\/uploads\/sites\/17\/2017\/07\/Bild_Abzeichen_Seepferdchen-36x36.png 36w, https:\/\/www.vfl-westercelle.de\/schwim\/wp-content\/uploads\/sites\/17\/2017\/07\/Bild_Abzeichen_Seepferdchen-120x120.png 120w\" sizes=\"(max-width: 202px) 100vw, 202px\" \/><div class='big-prev-fake'><img decoding=\"async\" loading=\"lazy\" class=\"wp-image-26 avia-img-lazy-loading-26\"  width=\"202\" height=\"200\" src=\"https:\/\/www.vfl-westercelle.de\/schwim\/wp-content\/uploads\/sites\/17\/2017\/07\/Bild_Abzeichen_Seepferdchen.png\" title='Bild_Abzeichen_Seepferdchen' alt='' srcset=\"https:\/\/www.vfl-westercelle.de\/schwim\/wp-content\/uploads\/sites\/17\/2017\/07\/Bild_Abzeichen_Seepferdchen.png 202w, https:\/\/www.vfl-westercelle.de\/schwim\/wp-content\/uploads\/sites\/17\/2017\/07\/Bild_Abzeichen_Seepferdchen-80x80.png 80w, https:\/\/www.vfl-westercelle.de\/schwim\/wp-content\/uploads\/sites\/17\/2017\/07\/Bild_Abzeichen_Seepferdchen-36x36.png 36w, https:\/\/www.vfl-westercelle.de\/schwim\/wp-content\/uploads\/sites\/17\/2017\/07\/Bild_Abzeichen_Seepferdchen-120x120.png 120w\" sizes=\"auto, (max-width: 202px) 100vw, 202px\" \/><\/div><\/a><a href=\"https:\/\/www.vfl-westercelle.de\/schwim\/wp-content\/uploads\/sites\/17\/2017\/07\/Bild_Abzeichen_Bronze.png\" data-srcset=\"https:\/\/www.vfl-westercelle.de\/schwim\/wp-content\/uploads\/sites\/17\/2017\/07\/Bild_Abzeichen_Bronze.png 202w, https:\/\/www.vfl-westercelle.de\/schwim\/wp-content\/uploads\/sites\/17\/2017\/07\/Bild_Abzeichen_Bronze-80x80.png 80w, https:\/\/www.vfl-westercelle.de\/schwim\/wp-content\/uploads\/sites\/17\/2017\/07\/Bild_Abzeichen_Bronze-36x36.png 36w, https:\/\/www.vfl-westercelle.de\/schwim\/wp-content\/uploads\/sites\/17\/2017\/07\/Bild_Abzeichen_Bronze-120x120.png 120w\" data-sizes=\"(max-width: 202px) 100vw, 202px\" data-rel='gallery-1' data-prev-img='https:\/\/www.vfl-westercelle.de\/schwim\/wp-content\/uploads\/sites\/17\/2017\/07\/Bild_Abzeichen_Bronze.png' class='lightbox ' data-onclick='3' title='Bild_Abzeichen_Bronze'  itemprop=\"thumbnailUrl\"  ><img decoding=\"async\" fetchpriority=\"high\" class=\"wp-image-27 avia-img-lazy-loading-not-27\"   src=\"https:\/\/www.vfl-westercelle.de\/schwim\/wp-content\/uploads\/sites\/17\/2017\/07\/Bild_Abzeichen_Bronze.png\" width=\"202\" height=\"200\"  title='Bild_Abzeichen_Bronze' alt='' srcset=\"https:\/\/www.vfl-westercelle.de\/schwim\/wp-content\/uploads\/sites\/17\/2017\/07\/Bild_Abzeichen_Bronze.png 202w, https:\/\/www.vfl-westercelle.de\/schwim\/wp-content\/uploads\/sites\/17\/2017\/07\/Bild_Abzeichen_Bronze-80x80.png 80w, https:\/\/www.vfl-westercelle.de\/schwim\/wp-content\/uploads\/sites\/17\/2017\/07\/Bild_Abzeichen_Bronze-36x36.png 36w, https:\/\/www.vfl-westercelle.de\/schwim\/wp-content\/uploads\/sites\/17\/2017\/07\/Bild_Abzeichen_Bronze-120x120.png 120w\" sizes=\"(max-width: 202px) 100vw, 202px\" \/><div class='big-prev-fake'><img decoding=\"async\" loading=\"lazy\" class=\"wp-image-27 avia-img-lazy-loading-27\"  width=\"202\" height=\"200\" src=\"https:\/\/www.vfl-westercelle.de\/schwim\/wp-content\/uploads\/sites\/17\/2017\/07\/Bild_Abzeichen_Bronze.png\" title='Bild_Abzeichen_Bronze' alt='' srcset=\"https:\/\/www.vfl-westercelle.de\/schwim\/wp-content\/uploads\/sites\/17\/2017\/07\/Bild_Abzeichen_Bronze.png 202w, https:\/\/www.vfl-westercelle.de\/schwim\/wp-content\/uploads\/sites\/17\/2017\/07\/Bild_Abzeichen_Bronze-80x80.png 80w, https:\/\/www.vfl-westercelle.de\/schwim\/wp-content\/uploads\/sites\/17\/2017\/07\/Bild_Abzeichen_Bronze-36x36.png 36w, https:\/\/www.vfl-westercelle.de\/schwim\/wp-content\/uploads\/sites\/17\/2017\/07\/Bild_Abzeichen_Bronze-120x120.png 120w\" sizes=\"auto, (max-width: 202px) 100vw, 202px\" \/><\/div><\/a><a href=\"https:\/\/www.vfl-westercelle.de\/schwim\/wp-content\/uploads\/sites\/17\/2017\/07\/Bild_Abzeichen_Silber.png\" data-srcset=\"https:\/\/www.vfl-westercelle.de\/schwim\/wp-content\/uploads\/sites\/17\/2017\/07\/Bild_Abzeichen_Silber.png 198w, https:\/\/www.vfl-westercelle.de\/schwim\/wp-content\/uploads\/sites\/17\/2017\/07\/Bild_Abzeichen_Silber-80x80.png 80w, https:\/\/www.vfl-westercelle.de\/schwim\/wp-content\/uploads\/sites\/17\/2017\/07\/Bild_Abzeichen_Silber-36x36.png 36w, https:\/\/www.vfl-westercelle.de\/schwim\/wp-content\/uploads\/sites\/17\/2017\/07\/Bild_Abzeichen_Silber-120x120.png 120w\" data-sizes=\"(max-width: 198px) 100vw, 198px\" data-rel='gallery-1' data-prev-img='https:\/\/www.vfl-westercelle.de\/schwim\/wp-content\/uploads\/sites\/17\/2017\/07\/Bild_Abzeichen_Silber.png' class='lightbox ' data-onclick='4' title='Bild_Abzeichen_Silber'  itemprop=\"thumbnailUrl\"  ><img decoding=\"async\" fetchpriority=\"high\" class=\"wp-image-28 avia-img-lazy-loading-not-28\"   src=\"https:\/\/www.vfl-westercelle.de\/schwim\/wp-content\/uploads\/sites\/17\/2017\/07\/Bild_Abzeichen_Silber.png\" width=\"198\" height=\"200\"  title='Bild_Abzeichen_Silber' alt='' srcset=\"https:\/\/www.vfl-westercelle.de\/schwim\/wp-content\/uploads\/sites\/17\/2017\/07\/Bild_Abzeichen_Silber.png 198w, https:\/\/www.vfl-westercelle.de\/schwim\/wp-content\/uploads\/sites\/17\/2017\/07\/Bild_Abzeichen_Silber-80x80.png 80w, https:\/\/www.vfl-westercelle.de\/schwim\/wp-content\/uploads\/sites\/17\/2017\/07\/Bild_Abzeichen_Silber-36x36.png 36w, https:\/\/www.vfl-westercelle.de\/schwim\/wp-content\/uploads\/sites\/17\/2017\/07\/Bild_Abzeichen_Silber-120x120.png 120w\" sizes=\"(max-width: 198px) 100vw, 198px\" \/><div class='big-prev-fake'><img decoding=\"async\" loading=\"lazy\" class=\"wp-image-28 avia-img-lazy-loading-28\"  width=\"198\" height=\"200\" src=\"https:\/\/www.vfl-westercelle.de\/schwim\/wp-content\/uploads\/sites\/17\/2017\/07\/Bild_Abzeichen_Silber.png\" title='Bild_Abzeichen_Silber' alt='' srcset=\"https:\/\/www.vfl-westercelle.de\/schwim\/wp-content\/uploads\/sites\/17\/2017\/07\/Bild_Abzeichen_Silber.png 198w, https:\/\/www.vfl-westercelle.de\/schwim\/wp-content\/uploads\/sites\/17\/2017\/07\/Bild_Abzeichen_Silber-80x80.png 80w, https:\/\/www.vfl-westercelle.de\/schwim\/wp-content\/uploads\/sites\/17\/2017\/07\/Bild_Abzeichen_Silber-36x36.png 36w, https:\/\/www.vfl-westercelle.de\/schwim\/wp-content\/uploads\/sites\/17\/2017\/07\/Bild_Abzeichen_Silber-120x120.png 120w\" sizes=\"auto, (max-width: 198px) 100vw, 198px\" \/><\/div><\/a><\/div><\/div>\n","protected":false},"excerpt":{"rendered":"","protected":false},"author":1,"featured_media":0,"parent":0,"menu_order":0,"comment_status":"closed","ping_status":"closed","template":"","meta":{"footnotes":""},"class_list":["post-41","page","type-page","status-publish","hentry"],"_links":{"self":[{"href":"https:\/\/www.vfl-westercelle.de\/schwim\/wp-json\/wp\/v2\/pages\/41","targetHints":{"allow":["GET"]}}],"collection":[{"href":"https:\/\/www.vfl-westercelle.de\/schwim\/wp-json\/wp\/v2\/pages"}],"about":[{"href":"https:\/\/www.vfl-westercelle.de\/schwim\/wp-json\/wp\/v2\/types\/page"}],"author":[{"embeddable":true,"href":"https:\/\/www.vfl-westercelle.de\/schwim\/wp-json\/wp\/v2\/users\/1"}],"replies":[{"embeddable":true,"href":"https:\/\/www.vfl-westercelle.de\/schwim\/wp-json\/wp\/v2\/comments?post=41"}],"version-history":[{"count":2,"href":"https:\/\/www.vfl-westercelle.de\/schwim\/wp-json\/wp\/v2\/pages\/41\/revisions"}],"predecessor-version":[{"id":353,"href":"https:\/\/www.vfl-westercelle.de\/schwim\/wp-json\/wp\/v2\/pages\/41\/revisions\/353"}],"wp:attachment":[{"href":"https:\/\/www.vfl-westercelle.de\/schwim\/wp-json\/wp\/v2\/media?parent=41"}],"curies":[{"name":"wp","href":"https:\/\/api.w.org\/{rel}","templated":true}]}}