{"id":49,"date":"2018-04-29T18:10:47","date_gmt":"2018-04-29T16:10:47","guid":{"rendered":"http:\/\/www.vfl-westercelle.de\/tenn\/?page_id=49"},"modified":"2024-03-20T11:00:23","modified_gmt":"2024-03-20T10:00:23","slug":"foerderverein","status":"publish","type":"page","link":"https:\/\/www.vfl-westercelle.de\/tenn\/foerderverein\/","title":{"rendered":"F\u00f6rderverein"},"content":{"rendered":"\n<style type=\"text\/css\" data-created_by=\"avia_inline_auto\" id=\"style-css-av-baw6p-d6cf10f8b507655bb783bfc67cec4617\">\n.flex_column.av-baw6p-d6cf10f8b507655bb783bfc67cec4617{\nborder-radius:0px 0px 0px 0px;\npadding:0px 0px 0px 0px;\n}\n<\/style>\n<div  class='flex_column av-baw6p-d6cf10f8b507655bb783bfc67cec4617 av_one_full  avia-builder-el-0  el_before_av_one_full  avia-builder-el-first  first flex_column_div av-zero-column-padding  '     ><section  class='av_textblock_section av-a6vr5-a4f3206a5c451432ebe1069c35172845 '   itemscope=\"itemscope\" itemtype=\"https:\/\/schema.org\/CreativeWork\" ><div class='avia_textblock'  itemprop=\"text\" ><p><img loading=\"lazy\" decoding=\"async\" class=\"alignnone wp-image-1114 size-large\" src=\"https:\/\/www.vfl-westercelle.de\/tenn\/wp-content\/uploads\/sites\/18\/2023\/05\/Sponsorenfoto-3-1030x685.jpg\" alt=\"Vfl Tennis, Sponsoring, Tennistalent, F\u00f6rderverein\" width=\"1030\" height=\"685\" srcset=\"https:\/\/www.vfl-westercelle.de\/tenn\/wp-content\/uploads\/sites\/18\/2023\/05\/Sponsorenfoto-3-1030x685.jpg 1030w, https:\/\/www.vfl-westercelle.de\/tenn\/wp-content\/uploads\/sites\/18\/2023\/05\/Sponsorenfoto-3-300x199.jpg 300w, https:\/\/www.vfl-westercelle.de\/tenn\/wp-content\/uploads\/sites\/18\/2023\/05\/Sponsorenfoto-3-768x511.jpg 768w, https:\/\/www.vfl-westercelle.de\/tenn\/wp-content\/uploads\/sites\/18\/2023\/05\/Sponsorenfoto-3-1536x1021.jpg 1536w, https:\/\/www.vfl-westercelle.de\/tenn\/wp-content\/uploads\/sites\/18\/2023\/05\/Sponsorenfoto-3-2048x1362.jpg 2048w, https:\/\/www.vfl-westercelle.de\/tenn\/wp-content\/uploads\/sites\/18\/2023\/05\/Sponsorenfoto-3-1500x997.jpg 1500w, https:\/\/www.vfl-westercelle.de\/tenn\/wp-content\/uploads\/sites\/18\/2023\/05\/Sponsorenfoto-3-705x469.jpg 705w\" sizes=\"auto, (max-width: 1030px) 100vw, 1030px\" \/><\/p>\n<p><!--more--><\/p>\n<p><!--more--><\/p>\n<h3><\/h3>\n<h3 style=\"text-align: center\"><strong>Unsere Ziele<\/strong><\/h3>\n<p style=\"text-align: center\"><strong>Im November 2003 gr\u00fcndeten\u00a07 Mitglieder der Tennissparte diesen F\u00f6rderverein. Der F\u00f6rderverein ist im Vereinsregister eingetragen und f\u00fchrt den Zusatz &#8222;e.V.&#8220;. Er verfolgt ausschlie\u00dflich gemeinn\u00fctzige Zwecke; seine vorrangige Aufgabe ist die ideelle und finanzielle F\u00f6rderung der Tennissparte des VfL Westercelle.<\/strong><\/p>\n<p style=\"text-align: center\"><strong>\u00dcber Mitgliedsbeitr\u00e4ge &#8211; mittlerweile besteht der F\u00f6rderverein aus \u00fcber\u00a070 Mitgliedern &#8211; und der Akquise zus\u00e4tzlicher finanzieller Mittel im Rahmen des Sponsorings sollen folgende Ziele erreicht werden:<\/strong><\/p>\n<p style=\"text-align: center\"><strong>*<\/strong><\/p>\n<p style=\"text-align: center\"><strong>Sicherstellung des Trainingsbetriebes und Fortf\u00fchrung eine bereits \u00fcber Jahrzehnte hinweg vorbildlichen und erfolgreichen Ausbildungssystems im Kinder- und Jugendbereich.<\/strong><\/p>\n<p style=\"text-align: center\"><strong>*<\/strong><\/p>\n<p style=\"text-align: center\"><strong>Unterst\u00fctzung des leistungsorientierten Bereiches der Sparte in allen Altersklassen auf Basis der mit der sportlichen Leitung abgestimmten F\u00f6rderleitlinien in dem Bewusstsein, die Identifikation und damit die Vereinsbindung zu st\u00e4rken.<\/strong><\/p>\n<p style=\"text-align: center\"><strong>*<\/strong><\/p>\n<p style=\"text-align: center\"><strong>Subventionierung der Trainingskosten, um eine sich ausschlie\u00dflich daraus ergebene Erh\u00f6hung der Spartenbeitr\u00e4ge zu verhindern.<\/strong><\/p>\n<p style=\"text-align: center\"><strong>*<\/strong><\/p>\n<p style=\"text-align: center\"><strong>Weitere Aktivit\u00e4ten zur Stabilisierung der Mitgliederanzahl in der Tennissparte und langfristige Umkehr des Popularit\u00e4tstrends im Tennis allgemein.<\/strong><\/p>\n<h3 style=\"text-align: center\">Was haben wir bisher erreicht?<\/h3>\n<p style=\"text-align: center\"><strong>Seit Gr\u00fcndung des Vereins bis Ende 2010 konnte die Tennissparte mit ca. 60.000 Euro unterst\u00fctzt werden. Gef\u00f6rdert und unterst\u00fctzt wurden zum Beispiel<\/strong><\/p>\n<p style=\"text-align: center\"><strong>*<\/strong><\/p>\n<p style=\"text-align: center\"><strong>der Damen- und Herrenleistungsbereich<\/strong><\/p>\n<p style=\"text-align: center\"><strong>*<\/strong><\/p>\n<p style=\"text-align: center\"><strong>Ma\u00dfnahmen zur Nachwuchsgewinnung<\/strong><\/p>\n<p style=\"text-align: center\"><strong>*<\/strong><\/p>\n<p style=\"text-align: center\"><strong>der Jugendtrainingsbetrieb<\/strong><\/p>\n<p style=\"text-align: center\"><strong>*<\/strong><\/p>\n<p style=\"text-align: center\"><strong>die erfolgreiche Jugendarbeit<\/strong><\/p>\n<p style=\"text-align: center\"><strong>*<\/strong><\/p>\n<p style=\"text-align: center\"><strong>einheitliche Kleidung f\u00fcr Mannschaftsspieler<\/strong><\/p>\n<p style=\"text-align: center\"><strong>*<\/strong><\/p>\n<p style=\"text-align: center\"><strong>Angebote zur Vereinsidentifikation f\u00fcr alle Vereinsmitglieder<\/strong><\/p>\n<p style=\"text-align: center\"><strong>*<\/strong><\/p>\n<p style=\"text-align: center\"><strong>Veranstaltungen zur Mitgliedergewinnung der Sparte<\/strong><\/p>\n<p style=\"text-align: center\"><strong>Die Erfolge sprechen f\u00fcr sich und das soll so bleiben! Dazu brauchen wir Ihre Unterst\u00fctzung!<\/strong><\/p>\n<h3 style=\"text-align: center\"><strong>Wie k\u00f6nnen Sie uns unterst\u00fctzen?<\/strong><\/h3>\n<p style=\"text-align: center\"><strong>Wichtig sind f\u00fcr unsere Arbeit regelm\u00e4\u00dfige und verl\u00e4ssliche Einnahmen aus den Beitr\u00e4gen der F\u00f6rdervereinsmitglieder. Schon f\u00fcr 12,50\u20ac j\u00e4hrlich k\u00f6nnen Sie Mitglied werden.<\/strong><br \/>\n<strong> Wenn Sie Unternehmerin oder Unternehmer sind, bieten wir Ihnen ma\u00dfgeschneiderte Werbe- und Sponsoringm\u00f6glichkeiten an. Diese reichen von Bannern und Sichtschutzblenden \u00fcber Werbetafeln, Sonnenschirmen, einem Platz auf unserer Sponsorentafel, einem Link auf der Homepage bis zur Namensgebung f\u00fcr ein Turnier oder eine Ausstellung auf unserer Vereinsanlage.<\/strong><\/p>\n<p><div  class='avia-button-wrap av-9vyp5-ce04eb3adcdbfbc9e71ecae0ec977c0b-wrap avia-button-center  avia-builder-el-2  el_before_av_button  avia-builder-el-first '><a href='https:\/\/www.vfl-westercelle.de\/tenn\/wp-content\/uploads\/sites\/18\/2018\/04\/150712_AufnahmeantragVfLFoerderverein.pdf'  class='avia-button av-9vyp5-ce04eb3adcdbfbc9e71ecae0ec977c0b av-link-btn avia-icon_select-yes-left-icon avia-size-medium avia-position-center avia-color-theme-color'  target=\"_blank\"  rel=\"noopener noreferrer\"  aria-label=\"Aufnahmeantrag (PDF)\"><span class='avia_button_icon avia_button_icon_left avia-iconfont avia-font-entypo-fontello' data-av_icon='\ue82d' data-av_iconfont='entypo-fontello' ><\/span><span class='avia_iconbox_title' >Aufnahmeantrag (PDF)<\/span><\/a><\/div>\u00a0<div  class='avia-button-wrap av-91hh5-9778e39da036fda8166e1b251776cac1-wrap avia-button-center  avia-builder-el-3  el_after_av_button  avia-builder-el-last '><a href='https:\/\/www.vfl-westercelle.de\/tenn\/wp-content\/uploads\/sites\/18\/2018\/04\/2015-Flyer-FV-Tennis.pdf'  class='avia-button av-91hh5-9778e39da036fda8166e1b251776cac1 av-link-btn avia-icon_select-yes-left-icon avia-size-medium avia-position-center avia-color-theme-color'  target=\"_blank\"  rel=\"noopener noreferrer\"  aria-label=\"Flyer (PDF)\"><span class='avia_button_icon avia_button_icon_left avia-iconfont avia-font-entypo-fontello' data-av_icon='\ue82d' data-av_iconfont='entypo-fontello' ><\/span><span class='avia_iconbox_title' >Flyer (PDF)<\/span><\/a><\/div><\/p>\n<h3 style=\"text-align: center\"><strong>Spendenkonto<\/strong><\/h3>\n<p style=\"text-align: center\"><strong>Nat\u00fcrlich k\u00f6nnen Sie jederzeit auch mit einer Spende unsere Arbeit unterst\u00fctzen. Der F\u00f6rderverein ist als gemeinn\u00fctzig anerkannt und stellt Ihnen eine Spendenbescheinigung aus.<\/strong><\/p>\n<p style=\"text-align: center\"><strong>F\u00f6rderverein der Tennissparte des VfL Westercelle e.V.<\/strong><br \/>\n<strong> IBAN: DE36 2575 0001 0091 3185 68<\/strong><br \/>\n<strong> BIC: NOLADE21CEL<\/strong><br \/>\n<strong> Sparkasse Celle<\/strong><\/p>\n<\/div><\/section><\/div>\n\n<style type=\"text\/css\" data-created_by=\"avia_inline_auto\" id=\"style-css-av-8k911-78d92306ebaf7505ddf7ff21bc1322cf\">\n.flex_column.av-8k911-78d92306ebaf7505ddf7ff21bc1322cf{\nborder-radius:0px 0px 0px 0px;\npadding:0px 0px 0px 0px;\n}\n<\/style>\n<div  class='flex_column av-8k911-78d92306ebaf7505ddf7ff21bc1322cf av_one_full  avia-builder-el-4  el_after_av_one_full  el_before_av_one_third  first flex_column_div av-zero-column-padding  column-top-margin'     ><section  class='av_textblock_section av-tyid-a9f592a84f1c6fab38035d6c2f8397ec '   itemscope=\"itemscope\" itemtype=\"https:\/\/schema.org\/CreativeWork\" ><div class='avia_textblock'  itemprop=\"text\" ><h3>Kontakt<\/h3>\n<p>Wenn Sie sich f\u00fcr unsere Arbeit interessieren und N\u00e4heres erfahren m\u00f6chten, setzen Sie sich mit uns in Verbindung:<\/p>\n<\/div><\/section><\/div>\n\n<style type=\"text\/css\" data-created_by=\"avia_inline_auto\" id=\"style-css-av-7akw5-595adfa416968fddbcf69feeb54c0c94\">\n.flex_column.av-7akw5-595adfa416968fddbcf69feeb54c0c94{\nborder-radius:0px 0px 0px 0px;\npadding:0px 0px 0px 0px;\n}\n<\/style>\n<div  class='flex_column av-7akw5-595adfa416968fddbcf69feeb54c0c94 av_one_third  avia-builder-el-6  el_after_av_one_full  el_before_av_one_third  first flex_column_div av-zero-column-padding  column-top-margin'     ><section  class='avia-team-member av-7577x-63020ecb78f4060b1593863b3e458d50  avia-builder-el-7  avia-builder-el-no-sibling '  itemscope=\"itemscope\" itemtype=\"https:\/\/schema.org\/Person\" ><div class=\"team-img-container\"><img decoding=\"async\" fetchpriority=\"high\" class='wp-image-271 avia-img-lazy-loading-not-271 avia_image avia_image_team av-team-img-original' src=\"https:\/\/www.vfl-westercelle.de\/tenn\/wp-content\/uploads\/sites\/18\/2018\/08\/image-10.png\" alt='Andrea Schoeps'  itemprop=\"image\"   height=\"267\" width=\"200\" \/><div class=\"team-social\"><div class=\"team-social-inner\"><a class='avia-team-icon av-69yzp-7a402c49f1b2b00d35c1f8808c65d5d7 avia-iconfont avia-font-entypo-fontello' data-avia-tooltip=\"05141-86667\" data-av_icon='\ue854' data-av_iconfont='entypo-fontello' ><\/a><span class='hidden av_member_url_markup '  itemprop=\"email\" >&#x6d;&#x61;&#x69;&#x6c;&#116;&#111;&#58;an&#x64;&#x72;&#x65;&#x61;&#x2d;&#115;&#99;&#104;oe&#x70;&#x73;&#x40;&#x74;&#x2d;&#111;&#110;&#108;in&#x65;&#x2e;&#x64;&#x65;<\/span><a href='m&#97;&#x69;&#x6c;t&#111;&#58;&#x61;&#x6e;d&#114;&#101;&#x61;&#x2d;s&#99;&#x68;&#x6f;&#x65;p&#115;&#x40;&#x74;-&#111;&#110;&#x6c;&#x69;n&#101;&#46;&#x64;&#x65;' class='avia-team-icon av-5v6w5-89aaff2f2c3f0f5171dc37fddef8c809 avia-iconfont avia-font-entypo-fontello' rel='v:url' data-avia-tooltip=\"&#x61;n&#x64;&#114;e&#x61;&#45;&#x73;&#99;h&#x6f;&#101;&#x70;&#115;&#64;&#x74;&#45;&#x6f;&#x6e;l&#x69;&#110;e&#x2e;&#100;&#x65;\"  data-av_icon='\ue805' data-av_iconfont='entypo-fontello' ><\/a><\/div><\/div><\/div><h3 class='team-member-name '  itemprop=\"name\" >Andrea Schoeps<\/h3><div class='team-member-job-title '  itemprop=\"jobTitle\" >1.Vorsitzende<\/div><div class='team-member-description '  itemprop=\"description\" ><p>Tennis VfL Westercelle<\/p>\n<\/div><span class='hidden team-member-affiliation'  itemprop=\"affiliation\" >VfL Westercelle - Tennis<\/span><\/section><\/div>\n\n<style type=\"text\/css\" data-created_by=\"avia_inline_auto\" id=\"style-css-av-i119-077e3d95bd37d2448ba0bb1e4fea41ea\">\n.flex_column.av-i119-077e3d95bd37d2448ba0bb1e4fea41ea{\nborder-radius:0px 0px 0px 0px;\npadding:0px 0px 0px 0px;\n}\n<\/style>\n<div  class='flex_column av-i119-077e3d95bd37d2448ba0bb1e4fea41ea av_one_third  avia-builder-el-8  el_after_av_one_third  el_before_av_one_third  flex_column_div av-zero-column-padding  column-top-margin'     ><section  class='avia-team-member av-4f7ip-b7842897208a8c9a7a8e076ea9e5385b  avia-builder-el-9  avia-builder-el-no-sibling '  itemscope=\"itemscope\" itemtype=\"https:\/\/schema.org\/Person\" ><div class=\"team-img-container\"><img decoding=\"async\" fetchpriority=\"high\" class='wp-image-1440 avia-img-lazy-loading-not-1440 avia_image avia_image_team av-team-img-original' src=\"https:\/\/www.vfl-westercelle.de\/tenn\/wp-content\/uploads\/sites\/18\/2024\/03\/BC8531B0-3EBA-45CB-9020-5DC7B7D57603_4_5005_c-254x300.jpeg\" alt='Daniel Bruderek'  itemprop=\"image\"   height=\"300\" width=\"254\" srcset=\"https:\/\/www.vfl-westercelle.de\/tenn\/wp-content\/uploads\/sites\/18\/2024\/03\/BC8531B0-3EBA-45CB-9020-5DC7B7D57603_4_5005_c-254x300.jpeg 254w, https:\/\/www.vfl-westercelle.de\/tenn\/wp-content\/uploads\/sites\/18\/2024\/03\/BC8531B0-3EBA-45CB-9020-5DC7B7D57603_4_5005_c.jpeg 302w\" sizes=\"(max-width: 254px) 100vw, 254px\" \/><div class=\"team-social\"><div class=\"team-social-inner\"><a class='avia-team-icon av-45uy1-acebe338fd20f54d0428b055c93d9af3 avia-iconfont avia-font-entypo-fontello' data-avia-tooltip=\"Tel. 0152-33754252\" data-av_icon='\ue854' data-av_iconfont='entypo-fontello' ><\/a><span class='hidden av_member_url_markup '  itemprop=\"email\" >&#x6d;&#97;&#105;l&#x74;&#x6f;&#58;d&#x62;&#x72;&#117;d&#x65;&#x72;&#101;k&#x40;&#x68;&#111;t&#x6d;&#x61;&#105;l&#x2e;&#x64;&#101;<\/span><a href='&#109;&#x61;&#105;&#x6c;&#116;&#x6f;&#58;&#x64;&#98;&#x72;&#117;&#x64;&#101;&#x72;&#101;&#x6b;&#64;&#x68;&#111;&#x74;&#109;&#x61;&#105;&#x6c;&#46;&#x64;e' class='avia-team-icon av-c5dt-878de0af0c822a0fde917b744ce5e1ad avia-iconfont avia-font-entypo-fontello' rel='v:url' data-avia-tooltip=\"&#100;&#x62;&#x72;u&#100;&#x65;r&#101;&#x6b;&#64;&#104;&#x6f;t&#109;&#x61;&#x69;&#108;&#x2e;&#x64;e\"  data-av_icon='\ue805' data-av_iconfont='entypo-fontello' ><\/a><\/div><\/div><\/div><h3 class='team-member-name '  itemprop=\"name\" >Daniel Bruderek<\/h3><div class='team-member-job-title '  itemprop=\"jobTitle\" >2.Vorsitzender &amp; Sponsorenbeauftragter<\/div><div class='team-member-description '  itemprop=\"description\" ><p>Tennis VfL Westercelle<\/p>\n<\/div><span class='hidden team-member-affiliation'  itemprop=\"affiliation\" >VfL Westercelle - Tennis<\/span><\/section><\/div>\n\n<style type=\"text\/css\" data-created_by=\"avia_inline_auto\" id=\"style-css-av-9wip-7db7c7c181fbc1e6ecee7c688d6ee530\">\n.flex_column.av-9wip-7db7c7c181fbc1e6ecee7c688d6ee530{\nborder-radius:0px 0px 0px 0px;\npadding:0px 0px 0px 0px;\n}\n<\/style>\n<div  class='flex_column av-9wip-7db7c7c181fbc1e6ecee7c688d6ee530 av_one_third  avia-builder-el-10  el_after_av_one_third  el_before_av_codeblock  flex_column_div av-zero-column-padding  column-top-margin'     ><section  class='avia-team-member av-27s11-8c49e480711492c639c613e1ec7e2ae9  avia-builder-el-11  avia-builder-el-no-sibling '  itemscope=\"itemscope\" itemtype=\"https:\/\/schema.org\/Person\" ><div class=\"team-img-container\"><img decoding=\"async\" fetchpriority=\"high\" class='wp-image-1476 avia-img-lazy-loading-not-1476 avia_image avia_image_team' src=\"https:\/\/www.vfl-westercelle.de\/tenn\/wp-content\/uploads\/sites\/18\/2024\/03\/Screenshot-2024-03-19-at-07.24.17.png\" alt='Gerd Bruderek'  itemprop=\"image\"   height=\"244\" width=\"163\" \/><div class=\"team-social\"><div class=\"team-social-inner\"><a class='avia-team-icon av-1ns9x-92365539e6cfd0170f43d3d9fa9eb99d avia-iconfont avia-font-entypo-fontello' data-avia-tooltip=\"015233754252\" data-av_icon='\ue854' data-av_iconfont='entypo-fontello' ><\/a><a class='avia-team-icon av-ltvebqxi-5bcd78fe9972da15b805a89a6c88d50e avia-iconfont avia-font-entypo-fontello' data-avia-tooltip=\"ma&#99;&#105;&#116;&#116;&#x73;&#x40;&#x79;&#x61;&#x68;oo&#46;&#99;&#111;&#109;\" data-av_icon='\ue805' data-av_iconfont='entypo-fontello' ><\/a><\/div><\/div><\/div><h3 class='team-member-name '  itemprop=\"name\" >Gerd Bruderek<\/h3><div class='team-member-job-title '  itemprop=\"jobTitle\" >Schatzmeister<\/div><span class='hidden team-member-affiliation'  itemprop=\"affiliation\" >VfL Westercelle - Tennis<\/span><\/section><\/div>\n\n","protected":false},"excerpt":{"rendered":"","protected":false},"author":36,"featured_media":0,"parent":0,"menu_order":0,"comment_status":"closed","ping_status":"closed","template":"","meta":{"footnotes":""},"class_list":["post-49","page","type-page","status-publish","hentry"],"_links":{"self":[{"href":"https:\/\/www.vfl-westercelle.de\/tenn\/wp-json\/wp\/v2\/pages\/49","targetHints":{"allow":["GET"]}}],"collection":[{"href":"https:\/\/www.vfl-westercelle.de\/tenn\/wp-json\/wp\/v2\/pages"}],"about":[{"href":"https:\/\/www.vfl-westercelle.de\/tenn\/wp-json\/wp\/v2\/types\/page"}],"author":[{"embeddable":true,"href":"https:\/\/www.vfl-westercelle.de\/tenn\/wp-json\/wp\/v2\/users\/36"}],"replies":[{"embeddable":true,"href":"https:\/\/www.vfl-westercelle.de\/tenn\/wp-json\/wp\/v2\/comments?post=49"}],"version-history":[{"count":2,"href":"https:\/\/www.vfl-westercelle.de\/tenn\/wp-json\/wp\/v2\/pages\/49\/revisions"}],"predecessor-version":[{"id":1488,"href":"https:\/\/www.vfl-westercelle.de\/tenn\/wp-json\/wp\/v2\/pages\/49\/revisions\/1488"}],"wp:attachment":[{"href":"https:\/\/www.vfl-westercelle.de\/tenn\/wp-json\/wp\/v2\/media?parent=49"}],"curies":[{"name":"wp","href":"https:\/\/api.w.org\/{rel}","templated":true}]}}