{"id":113,"date":"2017-07-07T00:59:10","date_gmt":"2017-07-06T22:59:10","guid":{"rendered":"http:\/\/www.vfl-westercelle.de\/tri-rsp\/?page_id=113"},"modified":"2017-07-09T20:48:01","modified_gmt":"2017-07-09T18:48:01","slug":"startseite","status":"publish","type":"page","link":"https:\/\/www.vfl-westercelle.de\/tri-rsp\/","title":{"rendered":"Neuigkeiten"},"content":{"rendered":"<div  class='av-alb-blogposts template-blog  av-blog-meta-author-disabled av-blog-meta-comments-disabled '  itemscope=\"itemscope\" itemtype=\"https:\/\/schema.org\/Blog\" ><article class=\"post-entry post-entry-type-standard post-entry-1686 post-loop-1 post-parity-odd single-big with-slider post-1686 post type-post status-publish format-standard has-post-thumbnail hentry category-allgemein\"  itemscope=\"itemscope\" itemtype=\"https:\/\/schema.org\/BlogPosting\" ><div class=\"big-preview single-big\"  itemprop=\"image\" itemscope=\"itemscope\" itemtype=\"https:\/\/schema.org\/ImageObject\" ><a href=\"https:\/\/www.vfl-westercelle.de\/tri-rsp\/sonne-stimmung-starke-beine-ein-laufwochenende-voller-highlights\/\"  title=\"Daniel Beer nach dem Marathon in Hamburg\" ><img decoding=\"async\" loading=\"lazy\" width=\"845\" height=\"321\" src=\"https:\/\/www.vfl-westercelle.de\/tri-rsp\/wp-content\/uploads\/sites\/7\/2026\/04\/Daniel-Beer-1-scaled-e1777489789626-845x321.jpg\" class=\"wp-image-1689 avia-img-lazy-loading-1689 attachment-entry_with_sidebar size-entry_with_sidebar wp-post-image\" alt=\"\" \/><small class='avia-copyright'>Sonja Beer<\/small><\/a><\/div><div class=\"blog-meta\"><\/div><div class='entry-content-wrapper clearfix standard-content'><header class=\"entry-content-header\" aria-label=\"Post: Sonne, Stimmung, starke Beine \u2013 ein Laufwochenende voller Highlights\"><h2 class='post-title entry-title '  itemprop=\"headline\" ><a href=\"https:\/\/www.vfl-westercelle.de\/tri-rsp\/sonne-stimmung-starke-beine-ein-laufwochenende-voller-highlights\/\" rel=\"bookmark\" title=\"Permanenter Link zu: Sonne, Stimmung, starke Beine \u2013 ein Laufwochenende voller Highlights\">Sonne, Stimmung, starke Beine \u2013 ein Laufwochenende voller Highlights<span class=\"post-format-icon minor-meta\"><\/span><\/a><\/h2><span class=\"post-meta-infos\"><time class=\"date-container minor-meta updated\"  itemprop=\"datePublished\" datetime=\"2026-04-29T21:11:39+02:00\" >29. April 2026<\/time><span class=\"text-sep\">\/<\/span><span class=\"blog-categories minor-meta\">in <a href=\"https:\/\/www.vfl-westercelle.de\/tri-rsp\/category\/allgemein\/\" rel=\"tag\">Allgemein<\/a><\/span><\/span><\/header><div class=\"entry-content\"  itemprop=\"text\" ><p>Hamburg, 26.4.2026 Hamburg zeigte sich von seiner allerbesten Seite: Strahlender Sonnenschein, frische Temperaturen zwischen sieben und elf Grad und kaum Wind \u2013 perfekte Bedingungen f\u00fcr ein Marathonfest der Extraklasse. Rund 46.000 Aktive verwandelten die Hansestadt in eine riesige Laufb\u00fchne, allein 20.000 von ihnen wagten sich an die legend\u00e4ren 42,195 Kilometer. Entlang von Elbe und Alster <a class=\"read-more-link\" href=\"https:\/\/www.vfl-westercelle.de\/tri-rsp\/sonne-stimmung-starke-beine-ein-laufwochenende-voller-highlights\/\">[&#8230; weiterlesen]<\/a><\/p>\n<\/div><footer class=\"entry-footer\"><\/footer><div class='post_delimiter'><\/div><\/div><div class=\"post_author_timeline\"><\/div><span class='hidden'>\n\t\t\t\t<span class='av-structured-data'  itemprop=\"image\" itemscope=\"itemscope\" itemtype=\"https:\/\/schema.org\/ImageObject\" >\n\t\t\t\t\t\t<span itemprop='url'>https:\/\/www.vfl-westercelle.de\/tri-rsp\/wp-content\/uploads\/sites\/7\/2026\/04\/Daniel-Beer-1-scaled-e1777489789626.jpg<\/span>\n\t\t\t\t\t\t<span itemprop='height'>905<\/span>\n\t\t\t\t\t\t<span itemprop='width'>1920<\/span>\n\t\t\t\t<\/span>\n\t\t\t\t<span class='av-structured-data'  itemprop=\"publisher\" itemtype=\"https:\/\/schema.org\/Organization\" itemscope=\"itemscope\" >\n\t\t\t\t\t\t<span itemprop='name'>ullerich<\/span>\n\t\t\t\t\t\t<span itemprop='logo' itemscope itemtype='https:\/\/schema.org\/ImageObject'>\n\t\t\t\t\t\t\t<span itemprop='url'>http:\/\/www.vfl-westercelle.de\/tri-rsp\/wp-content\/uploads\/sites\/7\/2017\/07\/header_shp_tri-rsp.png<\/span>\n\t\t\t\t\t\t<\/span>\n\t\t\t\t<\/span><span class='av-structured-data'  itemprop=\"author\" itemscope=\"itemscope\" itemtype=\"https:\/\/schema.org\/Person\" ><span itemprop='name'>ullerich<\/span><\/span><span class='av-structured-data'  itemprop=\"datePublished\" datetime=\"2026-04-29T21:11:39+02:00\" >2026-04-29 21:11:39<\/span><span class='av-structured-data'  itemprop=\"dateModified\" itemtype=\"https:\/\/schema.org\/dateModified\" >2026-04-29 21:11:41<\/span><span class='av-structured-data'  itemprop=\"mainEntityOfPage\" itemtype=\"https:\/\/schema.org\/mainEntityOfPage\" ><span itemprop='name'>Sonne, Stimmung, starke Beine \u2013 ein Laufwochenende voller Highlights<\/span><\/span><\/span><\/article><article class=\"post-entry post-entry-type-standard post-entry-1673 post-loop-2 post-parity-even single-big with-slider post-1673 post type-post status-publish format-standard has-post-thumbnail hentry category-allgemein\"  itemscope=\"itemscope\" itemtype=\"https:\/\/schema.org\/BlogPosting\" ><div class=\"big-preview single-big\"  itemprop=\"image\" itemscope=\"itemscope\" itemtype=\"https:\/\/schema.org\/ImageObject\" ><a href=\"https:\/\/www.vfl-westercelle.de\/tri-rsp\/starker-endspurt-sorgt-fuer-vizetitel-vfl-westercelle-trotzt-kaelte-und-konkurrenz\/\"  title=\"IMG_3664\" ><img decoding=\"async\" loading=\"lazy\" width=\"845\" height=\"321\" src=\"https:\/\/www.vfl-westercelle.de\/tri-rsp\/wp-content\/uploads\/sites\/7\/2026\/03\/IMG_3664-scaled-e1773948429716-845x321.jpeg\" class=\"wp-image-1668 avia-img-lazy-loading-1668 attachment-entry_with_sidebar size-entry_with_sidebar wp-post-image\" alt=\"\" \/><\/a><\/div><div class=\"blog-meta\"><\/div><div class='entry-content-wrapper clearfix standard-content'><header class=\"entry-content-header\" aria-label=\"Post: Starker Endspurt sorgt f\u00fcr Vizetitel \u2013 VFL Westercelle trotzt K\u00e4lte und Konkurrenz\"><h2 class='post-title entry-title '  itemprop=\"headline\" ><a href=\"https:\/\/www.vfl-westercelle.de\/tri-rsp\/starker-endspurt-sorgt-fuer-vizetitel-vfl-westercelle-trotzt-kaelte-und-konkurrenz\/\" rel=\"bookmark\" title=\"Permanenter Link zu: Starker Endspurt sorgt f\u00fcr Vizetitel \u2013 VFL Westercelle trotzt K\u00e4lte und Konkurrenz\">Starker Endspurt sorgt f\u00fcr Vizetitel \u2013 VFL Westercelle trotzt K\u00e4lte und Konkurrenz<span class=\"post-format-icon minor-meta\"><\/span><\/a><\/h2><span class=\"post-meta-infos\"><time class=\"date-container minor-meta updated\"  itemprop=\"datePublished\" datetime=\"2026-03-19T20:32:25+01:00\" >19. M\u00e4rz 2026<\/time><span class=\"text-sep\">\/<\/span><span class=\"blog-categories minor-meta\">in <a href=\"https:\/\/www.vfl-westercelle.de\/tri-rsp\/category\/allgemein\/\" rel=\"tag\">Allgemein<\/a><\/span><\/span><\/header><div class=\"entry-content\"  itemprop=\"text\" ><p>Celle\/G\u00f6ttingen Mit nur zwei Startern, aber umso mehr Kampfgeist im Gep\u00e4ck, machte sich die Laufsparte des VFL Westercelle am Sonntag auf den Weg zu den Landesmeisterschaften \u00fcber f\u00fcnf Kilometer Stra\u00dfe in G\u00f6ttingen \u2013 und sorgte dort f\u00fcr beachtliche Ausrufezeichen. Bei k\u00fchlen Temperaturen, grauem Himmel und sp\u00fcrbarem Wind fiel um 12:45 Uhr der Startschuss f\u00fcr die <a class=\"read-more-link\" href=\"https:\/\/www.vfl-westercelle.de\/tri-rsp\/starker-endspurt-sorgt-fuer-vizetitel-vfl-westercelle-trotzt-kaelte-und-konkurrenz\/\">[&#8230; weiterlesen]<\/a><\/p>\n<\/div><footer class=\"entry-footer\"><\/footer><div class='post_delimiter'><\/div><\/div><div class=\"post_author_timeline\"><\/div><span class='hidden'>\n\t\t\t\t<span class='av-structured-data'  itemprop=\"image\" itemscope=\"itemscope\" itemtype=\"https:\/\/schema.org\/ImageObject\" >\n\t\t\t\t\t\t<span itemprop='url'>https:\/\/www.vfl-westercelle.de\/tri-rsp\/wp-content\/uploads\/sites\/7\/2026\/03\/IMG_3664-scaled-e1773948429716.jpeg<\/span>\n\t\t\t\t\t\t<span itemprop='height'>708<\/span>\n\t\t\t\t\t\t<span itemprop='width'>1655<\/span>\n\t\t\t\t<\/span>\n\t\t\t\t<span class='av-structured-data'  itemprop=\"publisher\" itemtype=\"https:\/\/schema.org\/Organization\" itemscope=\"itemscope\" >\n\t\t\t\t\t\t<span itemprop='name'>ullerich<\/span>\n\t\t\t\t\t\t<span itemprop='logo' itemscope itemtype='https:\/\/schema.org\/ImageObject'>\n\t\t\t\t\t\t\t<span itemprop='url'>http:\/\/www.vfl-westercelle.de\/tri-rsp\/wp-content\/uploads\/sites\/7\/2017\/07\/header_shp_tri-rsp.png<\/span>\n\t\t\t\t\t\t<\/span>\n\t\t\t\t<\/span><span class='av-structured-data'  itemprop=\"author\" itemscope=\"itemscope\" itemtype=\"https:\/\/schema.org\/Person\" ><span itemprop='name'>ullerich<\/span><\/span><span class='av-structured-data'  itemprop=\"datePublished\" datetime=\"2026-03-19T20:32:25+01:00\" >2026-03-19 20:32:25<\/span><span class='av-structured-data'  itemprop=\"dateModified\" itemtype=\"https:\/\/schema.org\/dateModified\" >2026-03-19 20:33:14<\/span><span class='av-structured-data'  itemprop=\"mainEntityOfPage\" itemtype=\"https:\/\/schema.org\/mainEntityOfPage\" ><span itemprop='name'>Starker Endspurt sorgt f\u00fcr Vizetitel \u2013 VFL Westercelle trotzt K\u00e4lte und Konkurrenz<\/span><\/span><\/span><\/article><article class=\"post-entry post-entry-type-standard post-entry-1670 post-loop-3 post-parity-odd single-big with-slider post-1670 post type-post status-publish format-standard has-post-thumbnail hentry category-allgemein\"  itemscope=\"itemscope\" itemtype=\"https:\/\/schema.org\/BlogPosting\" ><div class=\"big-preview single-big\"  itemprop=\"image\" itemscope=\"itemscope\" itemtype=\"https:\/\/schema.org\/ImageObject\" ><a href=\"https:\/\/www.vfl-westercelle.de\/tri-rsp\/triathleten-aus-dem-landkreis-celle-erfolgreich-beim-cross-duathlon-helmstedt\/\"  title=\"FotoMontage_CrossDuathlonHelmstedt2026\" ><img decoding=\"async\" loading=\"lazy\" width=\"845\" height=\"321\" src=\"https:\/\/www.vfl-westercelle.de\/tri-rsp\/wp-content\/uploads\/sites\/7\/2026\/03\/FotoMontage_CrossDuathlonHelmstedt2026-scaled-e1773948375742-845x321.jpg\" class=\"wp-image-1666 avia-img-lazy-loading-1666 attachment-entry_with_sidebar size-entry_with_sidebar wp-post-image\" alt=\"\" \/><\/a><\/div><div class=\"blog-meta\"><\/div><div class='entry-content-wrapper clearfix standard-content'><header class=\"entry-content-header\" aria-label=\"Post: Triathleten aus dem Landkreis Celle erfolgreich beim Cross-Duathlon Helmstedt\"><h2 class='post-title entry-title '  itemprop=\"headline\" ><a href=\"https:\/\/www.vfl-westercelle.de\/tri-rsp\/triathleten-aus-dem-landkreis-celle-erfolgreich-beim-cross-duathlon-helmstedt\/\" rel=\"bookmark\" title=\"Permanenter Link zu: Triathleten aus dem Landkreis Celle erfolgreich beim Cross-Duathlon Helmstedt\">Triathleten aus dem Landkreis Celle erfolgreich beim Cross-Duathlon Helmstedt<span class=\"post-format-icon minor-meta\"><\/span><\/a><\/h2><span class=\"post-meta-infos\"><time class=\"date-container minor-meta updated\"  itemprop=\"datePublished\" datetime=\"2026-03-19T20:30:10+01:00\" >19. M\u00e4rz 2026<\/time><span class=\"text-sep\">\/<\/span><span class=\"blog-categories minor-meta\">in <a href=\"https:\/\/www.vfl-westercelle.de\/tri-rsp\/category\/allgemein\/\" rel=\"tag\">Allgemein<\/a><\/span><\/span><\/header><div class=\"entry-content\"  itemprop=\"text\" ><p>Helmstedt. Weil f\u00fcr einen Triathlon das Wasser noch zu kalt zum Schwimmen drau\u00dfen ist, finden als erste Wettk\u00e4mpfe im Jahr Duathlons statt. Beim Duathlon wechseln sich Laufen, Radfahren und zum Abschluss nochmal Laufen ab. Am Sonntag, dem 15. M\u00e4rz 2026, fand bei k\u00fchlem aber wenigstens trockenen Wetter in Helmstedt am Lappwaldsee der traditionelle Cross-Duathlon mit <a class=\"read-more-link\" href=\"https:\/\/www.vfl-westercelle.de\/tri-rsp\/triathleten-aus-dem-landkreis-celle-erfolgreich-beim-cross-duathlon-helmstedt\/\">[&#8230; weiterlesen]<\/a><\/p>\n<\/div><footer class=\"entry-footer\"><\/footer><div class='post_delimiter'><\/div><\/div><div class=\"post_author_timeline\"><\/div><span class='hidden'>\n\t\t\t\t<span class='av-structured-data'  itemprop=\"image\" itemscope=\"itemscope\" itemtype=\"https:\/\/schema.org\/ImageObject\" >\n\t\t\t\t\t\t<span itemprop='url'>https:\/\/www.vfl-westercelle.de\/tri-rsp\/wp-content\/uploads\/sites\/7\/2026\/03\/FotoMontage_CrossDuathlonHelmstedt2026-scaled-e1773948375742.jpg<\/span>\n\t\t\t\t\t\t<span itemprop='height'>610<\/span>\n\t\t\t\t\t\t<span itemprop='width'>1680<\/span>\n\t\t\t\t<\/span>\n\t\t\t\t<span class='av-structured-data'  itemprop=\"publisher\" itemtype=\"https:\/\/schema.org\/Organization\" itemscope=\"itemscope\" >\n\t\t\t\t\t\t<span itemprop='name'>ullerich<\/span>\n\t\t\t\t\t\t<span itemprop='logo' itemscope itemtype='https:\/\/schema.org\/ImageObject'>\n\t\t\t\t\t\t\t<span itemprop='url'>http:\/\/www.vfl-westercelle.de\/tri-rsp\/wp-content\/uploads\/sites\/7\/2017\/07\/header_shp_tri-rsp.png<\/span>\n\t\t\t\t\t\t<\/span>\n\t\t\t\t<\/span><span class='av-structured-data'  itemprop=\"author\" itemscope=\"itemscope\" itemtype=\"https:\/\/schema.org\/Person\" ><span itemprop='name'>ullerich<\/span><\/span><span class='av-structured-data'  itemprop=\"datePublished\" datetime=\"2026-03-19T20:30:10+01:00\" >2026-03-19 20:30:10<\/span><span class='av-structured-data'  itemprop=\"dateModified\" itemtype=\"https:\/\/schema.org\/dateModified\" >2026-03-19 20:30:12<\/span><span class='av-structured-data'  itemprop=\"mainEntityOfPage\" itemtype=\"https:\/\/schema.org\/mainEntityOfPage\" ><span itemprop='name'>Triathleten aus dem Landkreis Celle erfolgreich beim Cross-Duathlon Helmstedt<\/span><\/span><\/span><\/article><article class=\"post-entry post-entry-type-standard post-entry-1662 post-loop-4 post-parity-even single-big with-slider post-1662 post type-post status-publish format-standard has-post-thumbnail hentry category-allgemein\"  itemscope=\"itemscope\" itemtype=\"https:\/\/schema.org\/BlogPosting\" ><div class=\"big-preview single-big\"  itemprop=\"image\" itemscope=\"itemscope\" itemtype=\"https:\/\/schema.org\/ImageObject\" ><a href=\"https:\/\/www.vfl-westercelle.de\/tri-rsp\/drei-podestplaetze-fuer-westerceller-laeuferteam-in-bremen\/\"  title=\"1 LMCross Bremen 20260222\" ><img decoding=\"async\" loading=\"lazy\" width=\"845\" height=\"321\" src=\"https:\/\/www.vfl-westercelle.de\/tri-rsp\/wp-content\/uploads\/sites\/7\/2026\/02\/1-LMCross-Bremen-20260222-e1771956820441-845x321.jpg\" class=\"wp-image-1655 avia-img-lazy-loading-1655 attachment-entry_with_sidebar size-entry_with_sidebar wp-post-image\" alt=\"\" \/><\/a><\/div><div class=\"blog-meta\"><\/div><div class='entry-content-wrapper clearfix standard-content'><header class=\"entry-content-header\" aria-label=\"Post: Drei Podestpl\u00e4tze f\u00fcr Westerceller L\u00e4uferteam in Bremen\"><h2 class='post-title entry-title '  itemprop=\"headline\" ><a href=\"https:\/\/www.vfl-westercelle.de\/tri-rsp\/drei-podestplaetze-fuer-westerceller-laeuferteam-in-bremen\/\" rel=\"bookmark\" title=\"Permanenter Link zu: Drei Podestpl\u00e4tze f\u00fcr Westerceller L\u00e4uferteam in Bremen\">Drei Podestpl\u00e4tze f\u00fcr Westerceller L\u00e4uferteam in Bremen<span class=\"post-format-icon minor-meta\"><\/span><\/a><\/h2><span class=\"post-meta-infos\"><time class=\"date-container minor-meta updated\"  itemprop=\"datePublished\" datetime=\"2026-02-24T19:17:31+01:00\" >24. Februar 2026<\/time><span class=\"text-sep\">\/<\/span><span class=\"blog-categories minor-meta\">in <a href=\"https:\/\/www.vfl-westercelle.de\/tri-rsp\/category\/allgemein\/\" rel=\"tag\">Allgemein<\/a><\/span><\/span><\/header><div class=\"entry-content\"  itemprop=\"text\" ><p>Celle\/Bremen Am Sonntag, 22. Februar 2026, wurden in Bremen in Zusammenarbeit des Bremer und Nieders\u00e4chsischen Leichtathletikverbandes die diesj\u00e4hrigen Landesmeisterschaften im Crosslauf ausgetragen. Auch der VfL Westercelle war mit f\u00fcnf engagierten L\u00e4uferinnen und L\u00e4ufern vertreten: Marion Suchy, Dr. Volker Dittmar, Achim Sennhenn-Oetken, Dr. Hanno Reckmann und Thorsten L\u00fcbke. Bereits am fr\u00fchen Morgen machten sich die Athletinnen <a class=\"read-more-link\" href=\"https:\/\/www.vfl-westercelle.de\/tri-rsp\/drei-podestplaetze-fuer-westerceller-laeuferteam-in-bremen\/\">[&#8230; weiterlesen]<\/a><\/p>\n<\/div><footer class=\"entry-footer\"><\/footer><div class='post_delimiter'><\/div><\/div><div class=\"post_author_timeline\"><\/div><span class='hidden'>\n\t\t\t\t<span class='av-structured-data'  itemprop=\"image\" itemscope=\"itemscope\" itemtype=\"https:\/\/schema.org\/ImageObject\" >\n\t\t\t\t\t\t<span itemprop='url'>https:\/\/www.vfl-westercelle.de\/tri-rsp\/wp-content\/uploads\/sites\/7\/2026\/02\/1-LMCross-Bremen-20260222-e1771956820441.jpg<\/span>\n\t\t\t\t\t\t<span itemprop='height'>744<\/span>\n\t\t\t\t\t\t<span itemprop='width'>2038<\/span>\n\t\t\t\t<\/span>\n\t\t\t\t<span class='av-structured-data'  itemprop=\"publisher\" itemtype=\"https:\/\/schema.org\/Organization\" itemscope=\"itemscope\" >\n\t\t\t\t\t\t<span itemprop='name'>ullerich<\/span>\n\t\t\t\t\t\t<span itemprop='logo' itemscope itemtype='https:\/\/schema.org\/ImageObject'>\n\t\t\t\t\t\t\t<span itemprop='url'>http:\/\/www.vfl-westercelle.de\/tri-rsp\/wp-content\/uploads\/sites\/7\/2017\/07\/header_shp_tri-rsp.png<\/span>\n\t\t\t\t\t\t<\/span>\n\t\t\t\t<\/span><span class='av-structured-data'  itemprop=\"author\" itemscope=\"itemscope\" itemtype=\"https:\/\/schema.org\/Person\" ><span itemprop='name'>ullerich<\/span><\/span><span class='av-structured-data'  itemprop=\"datePublished\" datetime=\"2026-02-24T19:17:31+01:00\" >2026-02-24 19:17:31<\/span><span class='av-structured-data'  itemprop=\"dateModified\" itemtype=\"https:\/\/schema.org\/dateModified\" >2026-02-24 19:17:34<\/span><span class='av-structured-data'  itemprop=\"mainEntityOfPage\" itemtype=\"https:\/\/schema.org\/mainEntityOfPage\" ><span itemprop='name'>Drei Podestpl\u00e4tze f\u00fcr Westerceller L\u00e4uferteam in Bremen<\/span><\/span><\/span><\/article><article class=\"post-entry post-entry-type-standard post-entry-1649 post-loop-5 post-parity-odd post-entry-last single-big with-slider post-1649 post type-post status-publish format-standard has-post-thumbnail hentry category-allgemein\"  itemscope=\"itemscope\" itemtype=\"https:\/\/schema.org\/BlogPosting\" ><div class=\"big-preview single-big\"  itemprop=\"image\" itemscope=\"itemscope\" itemtype=\"https:\/\/schema.org\/ImageObject\" ><a href=\"https:\/\/www.vfl-westercelle.de\/tri-rsp\/sonja-und-daniel-beer-absolvieren-brocken-challenge-im-harz\/\"  title=\"4 Brocken Challenge 20260215\" ><img decoding=\"async\" loading=\"lazy\" width=\"845\" height=\"321\" src=\"https:\/\/www.vfl-westercelle.de\/tri-rsp\/wp-content\/uploads\/sites\/7\/2026\/02\/4-Brocken-Challenge-20260215-scaled-e1771956491586-845x321.jpeg\" class=\"wp-image-1646 avia-img-lazy-loading-1646 attachment-entry_with_sidebar size-entry_with_sidebar wp-post-image\" alt=\"\" \/><\/a><\/div><div class=\"blog-meta\"><\/div><div class='entry-content-wrapper clearfix standard-content'><header class=\"entry-content-header\" aria-label=\"Post: Sonja und Daniel Beer absolvieren Brocken-Challenge im Harz\"><h2 class='post-title entry-title '  itemprop=\"headline\" ><a href=\"https:\/\/www.vfl-westercelle.de\/tri-rsp\/sonja-und-daniel-beer-absolvieren-brocken-challenge-im-harz\/\" rel=\"bookmark\" title=\"Permanenter Link zu: Sonja und Daniel Beer absolvieren Brocken-Challenge im Harz\">Sonja und Daniel Beer absolvieren Brocken-Challenge im Harz<span class=\"post-format-icon minor-meta\"><\/span><\/a><\/h2><span class=\"post-meta-infos\"><time class=\"date-container minor-meta updated\"  itemprop=\"datePublished\" datetime=\"2026-02-24T19:17:17+01:00\" >24. Februar 2026<\/time><span class=\"text-sep\">\/<\/span><span class=\"blog-categories minor-meta\">in <a href=\"https:\/\/www.vfl-westercelle.de\/tri-rsp\/category\/allgemein\/\" rel=\"tag\">Allgemein<\/a><\/span><\/span><\/header><div class=\"entry-content\"  itemprop=\"text\" ><p>Brocken 15. Februar 2026 Sonja und Daniel Beer vom VfL Westercelle e.V. waren erneut gemeinsam sportlich unterwegs \u2013 diesmal bei der Brocken-Challenge. Die 80 Kilometer lange Strecke f\u00fchrte von G\u00f6ttingen hinauf auf den Brocken und umfasste rund 1.900 H\u00f6henmeter \u2013 und das mitten im Februar. Das Motto der Veranstaltung lautet \u201ekalt, hart, sch\u00f6n\u201c \u2013 treffender <a class=\"read-more-link\" href=\"https:\/\/www.vfl-westercelle.de\/tri-rsp\/sonja-und-daniel-beer-absolvieren-brocken-challenge-im-harz\/\">[&#8230; weiterlesen]<\/a><\/p>\n<\/div><footer class=\"entry-footer\"><\/footer><div class='post_delimiter'><\/div><\/div><div class=\"post_author_timeline\"><\/div><span class='hidden'>\n\t\t\t\t<span class='av-structured-data'  itemprop=\"image\" itemscope=\"itemscope\" itemtype=\"https:\/\/schema.org\/ImageObject\" >\n\t\t\t\t\t\t<span itemprop='url'>https:\/\/www.vfl-westercelle.de\/tri-rsp\/wp-content\/uploads\/sites\/7\/2026\/02\/4-Brocken-Challenge-20260215-scaled-e1771956491586.jpeg<\/span>\n\t\t\t\t\t\t<span itemprop='height'>943<\/span>\n\t\t\t\t\t\t<span itemprop='width'>1900<\/span>\n\t\t\t\t<\/span>\n\t\t\t\t<span class='av-structured-data'  itemprop=\"publisher\" itemtype=\"https:\/\/schema.org\/Organization\" itemscope=\"itemscope\" >\n\t\t\t\t\t\t<span itemprop='name'>ullerich<\/span>\n\t\t\t\t\t\t<span itemprop='logo' itemscope itemtype='https:\/\/schema.org\/ImageObject'>\n\t\t\t\t\t\t\t<span itemprop='url'>http:\/\/www.vfl-westercelle.de\/tri-rsp\/wp-content\/uploads\/sites\/7\/2017\/07\/header_shp_tri-rsp.png<\/span>\n\t\t\t\t\t\t<\/span>\n\t\t\t\t<\/span><span class='av-structured-data'  itemprop=\"author\" itemscope=\"itemscope\" itemtype=\"https:\/\/schema.org\/Person\" ><span itemprop='name'>ullerich<\/span><\/span><span class='av-structured-data'  itemprop=\"datePublished\" datetime=\"2026-02-24T19:17:17+01:00\" >2026-02-24 19:17:17<\/span><span class='av-structured-data'  itemprop=\"dateModified\" itemtype=\"https:\/\/schema.org\/dateModified\" >2026-02-24 19:17:19<\/span><span class='av-structured-data'  itemprop=\"mainEntityOfPage\" itemtype=\"https:\/\/schema.org\/mainEntityOfPage\" ><span itemprop='name'>Sonja und Daniel Beer absolvieren Brocken-Challenge im Harz<\/span><\/span><\/span><\/article><div class='single-big'><nav class='pagination'><span class='pagination-meta'>Seite 1 von 25<\/span><span class='current'>1<\/span><a href='https:\/\/www.vfl-westercelle.de\/tri-rsp\/wp-json\/wp\/v2\/pages\/113\/page\/2\/' class='inactive next_page' >2<\/a><a href='https:\/\/www.vfl-westercelle.de\/tri-rsp\/wp-json\/wp\/v2\/pages\/113\/page\/3\/' class='inactive' >3<\/a><a href='https:\/\/www.vfl-westercelle.de\/tri-rsp\/wp-json\/wp\/v2\/pages\/113\/page\/2\/'>&rsaquo;<\/a><a href='https:\/\/www.vfl-westercelle.de\/tri-rsp\/wp-json\/wp\/v2\/pages\/113\/page\/25\/'>&raquo;<\/a><\/nav>\n<\/div><\/div>\n","protected":false},"excerpt":{"rendered":"","protected":false},"author":1,"featured_media":0,"parent":0,"menu_order":0,"comment_status":"closed","ping_status":"closed","template":"","meta":{"footnotes":""},"class_list":["post-113","page","type-page","status-publish","hentry"],"_links":{"self":[{"href":"https:\/\/www.vfl-westercelle.de\/tri-rsp\/wp-json\/wp\/v2\/pages\/113","targetHints":{"allow":["GET"]}}],"collection":[{"href":"https:\/\/www.vfl-westercelle.de\/tri-rsp\/wp-json\/wp\/v2\/pages"}],"about":[{"href":"https:\/\/www.vfl-westercelle.de\/tri-rsp\/wp-json\/wp\/v2\/types\/page"}],"author":[{"embeddable":true,"href":"https:\/\/www.vfl-westercelle.de\/tri-rsp\/wp-json\/wp\/v2\/users\/1"}],"replies":[{"embeddable":true,"href":"https:\/\/www.vfl-westercelle.de\/tri-rsp\/wp-json\/wp\/v2\/comments?post=113"}],"version-history":[{"count":5,"href":"https:\/\/www.vfl-westercelle.de\/tri-rsp\/wp-json\/wp\/v2\/pages\/113\/revisions"}],"predecessor-version":[{"id":633,"href":"https:\/\/www.vfl-westercelle.de\/tri-rsp\/wp-json\/wp\/v2\/pages\/113\/revisions\/633"}],"wp:attachment":[{"href":"https:\/\/www.vfl-westercelle.de\/tri-rsp\/wp-json\/wp\/v2\/media?parent=113"}],"curies":[{"name":"wp","href":"https:\/\/api.w.org\/{rel}","templated":true}]}}