{"id":22,"date":"2017-07-15T22:12:53","date_gmt":"2017-07-15T20:12:53","guid":{"rendered":"http:\/\/www.vfl-westercelle.de\/walk\/?page_id=22"},"modified":"2026-03-03T11:11:33","modified_gmt":"2026-03-03T10:11:33","slug":"pluspunkt-gesundheit","status":"publish","type":"page","link":"https:\/\/www.vfl-westercelle.de\/walk\/pluspunkt-gesundheit\/","title":{"rendered":"Pluspunkt Gesundheit"},"content":{"rendered":"\n<style type=\"text\/css\" data-created_by=\"avia_inline_auto\" id=\"style-css-av-3l12-b3ae764a375af4d0283f90f087a7d335\">\n.flex_column.av-3l12-b3ae764a375af4d0283f90f087a7d335{\nborder-radius:0px 0px 0px 0px;\npadding:0px 0px 0px 0px;\n}\n<\/style>\n<div  class='flex_column av-3l12-b3ae764a375af4d0283f90f087a7d335 av_one_full  avia-builder-el-0  el_before_av_one_full  avia-builder-el-first  first flex_column_div av-zero-column-padding  '     ><style type=\"text\/css\" data-created_by=\"avia_inline_auto\" id=\"style-css-av-9i24y-16d5acf6df1d296df4d5321719dc7e88\">\n#top .av-special-heading.av-9i24y-16d5acf6df1d296df4d5321719dc7e88{\npadding-bottom:10px;\n}\nbody .av-special-heading.av-9i24y-16d5acf6df1d296df4d5321719dc7e88 .av-special-heading-tag .heading-char{\nfont-size:25px;\n}\n.av-special-heading.av-9i24y-16d5acf6df1d296df4d5321719dc7e88 .av-subheading{\nfont-size:15px;\n}\n<\/style>\n<div  class='av-special-heading av-9i24y-16d5acf6df1d296df4d5321719dc7e88 av-special-heading-h3  avia-builder-el-1  avia-builder-el-no-sibling '><h3 class='av-special-heading-tag '  itemprop=\"headline\"  >Zertifizierte Trainer<\/h3><div class=\"special-heading-border\"><div class=\"special-heading-inner-border\"><\/div><\/div><\/div><\/div>\n\n<style type=\"text\/css\" data-created_by=\"avia_inline_auto\" id=\"style-css-av-8lix2-f8bfaf596af2cf44d108a3e5e91cc1ab\">\n.flex_column.av-8lix2-f8bfaf596af2cf44d108a3e5e91cc1ab{\nborder-radius:0px 0px 0px 0px;\npadding:0px 0px 0px 0px;\n}\n<\/style>\n<div  class='flex_column av-8lix2-f8bfaf596af2cf44d108a3e5e91cc1ab av_one_full  avia-builder-el-2  el_after_av_one_full  el_before_av_one_half  first flex_column_div av-zero-column-padding  column-top-margin'     ><section  class='av_textblock_section av-8ahji-5011b615af0a26d876dd6da6da0970fe '   itemscope=\"itemscope\" itemtype=\"https:\/\/schema.org\/CreativeWork\" ><div class='avia_textblock'  itemprop=\"text\" ><p>Durch regelm\u00e4\u00dfige Fortbildungen sollen Kenntnisse, Fertigkeiten und F\u00e4higkeiten vertieft und der Informationsstand der \u00dcbungsleiterinnen \/ \u00dcbungsleiter aktualisiert werden. F\u00fcr eine Verl\u00e4ngerung des PLUSPUNKT GESUNDHEIT.DTB sind deshalb 15 Lerneinheiten (LE) unabh\u00e4ngig der Ausbildung als Fortbildungsnachweise n\u00f6tig.<\/p>\n<p>Die Leiterin \/ der Leiter eines pr\u00e4ventiven Gesundheitssportangebotes verf\u00fcgt \u00fcber die \u00dcbungsleiterausbildung &#8222;Sport in der Pr\u00e4vention&#8220; auf der 2. Lizenzstufe.<\/p>\n<p>Quelle: <a href=\"http:\/\/www.dtb-online.de\/portal\/gymwelt\/fitness-und-gesundheitssport\/pluspunkt-gesundheitdtb\/infos-zum-pluspunkt-gesundheitdtb\/uebersicht-informationen\/uebungsleiter-qualifikationen.html\">DTB &#8211; \u00dcbungsleiter-Qualifikationen<\/a><\/p>\n<\/div><\/section><\/div>\n\n<style type=\"text\/css\" data-created_by=\"avia_inline_auto\" id=\"style-css-av-5hbeu-ac036881dc96328ebfdfcc89352f46ab\">\n.flex_column.av-5hbeu-ac036881dc96328ebfdfcc89352f46ab{\nborder-radius:0px 0px 0px 0px;\npadding:0px 0px 0px 0px;\n}\n<\/style>\n<div  class='flex_column av-5hbeu-ac036881dc96328ebfdfcc89352f46ab av_one_half  avia-builder-el-4  el_after_av_one_full  el_before_av_one_half  first flex_column_div av-zero-column-padding  column-top-margin'     ><section  class='avia-team-member av-57hxu-0e9864a1436bf467179a8ead844ca70c  avia-builder-el-5  avia-builder-el-no-sibling '  itemscope=\"itemscope\" itemtype=\"https:\/\/schema.org\/Person\" ><div class=\"team-img-container\"><img decoding=\"async\" fetchpriority=\"high\" class='wp-image-33 avia-img-lazy-loading-not-33 avia_image avia_image_team' src=\"https:\/\/www.vfl-westercelle.de\/walk\/wp-content\/uploads\/sites\/15\/2017\/07\/platzhalter_frau-300x200.jpg\" alt='Renate Naujok'  itemprop=\"image\"   height=\"200\" width=\"300\" srcset=\"https:\/\/www.vfl-westercelle.de\/walk\/wp-content\/uploads\/sites\/15\/2017\/07\/platzhalter_frau-300x200.jpg 300w, https:\/\/www.vfl-westercelle.de\/walk\/wp-content\/uploads\/sites\/15\/2017\/07\/platzhalter_frau-450x299.jpg 450w, https:\/\/www.vfl-westercelle.de\/walk\/wp-content\/uploads\/sites\/15\/2017\/07\/platzhalter_frau.jpg 472w\" sizes=\"(max-width: 300px) 100vw, 300px\" \/><\/div><h3 class='team-member-name '  itemprop=\"name\" >Renate Naujok<\/h3><div class='team-member-job-title '  itemprop=\"jobTitle\" >Trainerin<\/div><span class='hidden team-member-affiliation'  itemprop=\"affiliation\" >VfL Westercelle - Walking<\/span><\/section><\/div>\n<style type=\"text\/css\" data-created_by=\"avia_inline_auto\" id=\"style-css-av-av_one_half-e671fab5613f317ef63eb9ab712c64a3\">\n.flex_column.av-av_one_half-e671fab5613f317ef63eb9ab712c64a3{\nborder-radius:0px 0px 0px 0px;\npadding:0px 0px 0px 0px;\n}\n<\/style>\n<div  class='flex_column av-av_one_half-e671fab5613f317ef63eb9ab712c64a3 av_one_half  avia-builder-el-6  el_after_av_one_half  el_before_av_one_full  flex_column_div av-zero-column-padding  column-top-margin'     ><section  class='av_textblock_section av-av_textblock-0aafccd1a3281e26ed01b2390ce67e93 '   itemscope=\"itemscope\" itemtype=\"https:\/\/schema.org\/CreativeWork\" ><div class='avia_textblock'  itemprop=\"text\" ><p>Renate ist seit 1990 Mitglied im VfL zusammen mit Rolf, nachdem ihr Sohn dort als Fu\u00dfballer aktiv war. Sie hat<br \/>\nzusammen mit Rolf anfangs in der Badmintonsparte gespielt, sowie in der Sportgruppe \u201eSport und Spiele f\u00fcr Erwachsene\u201c mitgemacht.<\/p>\n<p>Ab 2003 machte sie mehrere Ausbildungen f\u00fcr \u00dcbungsleiter:<\/p>\n<ul>\n<li>C-Lizenz f\u00fcr Fitness und Gesundheit (Erwachsene)<\/li>\n<li>B-Lizenz Pr\u00e4vention \u201eHaltung und Bewegung \/ Herz-Kreislauftraining\u201c<\/li>\n<li>B-Lizenz Pr\u00e4vention \u201eHaltung und Bewegung \/ Herz-Kreislauftraining\u201c \u2013 Gesundheitstraining f\u00fcr \u00c4ltere<\/li>\n<li>DWI-Walking-Kursleiterin Pr\u00e4vention (Deutsches WalkingInstitut)<\/li>\n<li>DTB-Walkingleiterin NordicWalking (Deutscher Turnerbund)<\/li>\n<li>Kursleiterin Stickwalking (Nieders\u00e4chsischer Turnerbund)<\/li>\n<li>Konzeptschulungen f\u00fcr Kursprogramme Nordic-Fit, R\u00fccken-Fit und Fit und Gesund (Gesundheitssportprogramm f\u00fcr die Halle)<\/li>\n<li>Konzeptschulung f\u00fcr das Kursprogramm \u201eFit bis ins hohe Alter\u201c<\/li>\n<\/ul>\n<\/div><\/section><\/div>\n<style type=\"text\/css\" data-created_by=\"avia_inline_auto\" id=\"style-css-av-em3i-f823e18e02a3d41db7edd434d7d7245d\">\n.flex_column.av-em3i-f823e18e02a3d41db7edd434d7d7245d{\nborder-radius:0px 0px 0px 0px;\npadding:0px 0px 0px 0px;\n}\n<\/style>\n<div  class='flex_column av-em3i-f823e18e02a3d41db7edd434d7d7245d av_one_full  avia-builder-el-8  el_after_av_one_half  el_before_av_one_full  first flex_column_div av-zero-column-padding  column-top-margin'     ><p>\n<style type=\"text\/css\" data-created_by=\"avia_inline_auto\" id=\"style-css-av-3d0ym-2fefa37029b2c071e31739be6bd20653\">\n#top .av-special-heading.av-3d0ym-2fefa37029b2c071e31739be6bd20653{\npadding-bottom:10px;\n}\nbody .av-special-heading.av-3d0ym-2fefa37029b2c071e31739be6bd20653 .av-special-heading-tag .heading-char{\nfont-size:25px;\n}\n.av-special-heading.av-3d0ym-2fefa37029b2c071e31739be6bd20653 .av-subheading{\nfont-size:15px;\n}\n<\/style>\n<div  class='av-special-heading av-3d0ym-2fefa37029b2c071e31739be6bd20653 av-special-heading-h3  avia-builder-el-9  el_before_av_textblock  avia-builder-el-first '><h3 class='av-special-heading-tag '  itemprop=\"headline\"  >\u00dcber das Qualit\u00e4tssiegel <span class='special_amp'>&#8222;<\/span>Pluspunkt Gesundheit.DTB<span class='special_amp'>&#8220;<\/span><\/h3><div class=\"special-heading-border\"><div class=\"special-heading-inner-border\"><\/div><\/div><\/div><br \/>\n<section  class='av_textblock_section av-2ngla-85682f4090cad7b6d064926f04e7876f '   itemscope=\"itemscope\" itemtype=\"https:\/\/schema.org\/CreativeWork\" ><div class='avia_textblock'  itemprop=\"text\" ><p>Grunds\u00e4tzlich m\u00fcssen in jedem Gesundheitssportprogramm zur Herausbildung eines gesunden Lebensstils die nachfolgenden Kernziele ber\u00fccksichtigt werden<\/p>\n<ul>\n<li>St\u00e4rkung von physischen Gesundheitsressourcen<\/li>\n<li>St\u00e4rkung von psychosozialen Gesundheitsressourcen<\/li>\n<li>Verminderung von Risikofaktoren<\/li>\n<li>Bew\u00e4ltigung von Beschwerden und Missbefinden<\/li>\n<li>Aufbau von Bindung an gesundheitssportliche Aktivit\u00e4t<\/li>\n<li>Verbesserung der Bewegungsverh\u00e4ltnisse<\/li>\n<\/ul>\n<p>Auf diesen Kernzielen beruhen die\u00a0Qualit\u00e4tskriterien f\u00fcr Gesundheitssportangebote, damit ein Kurs mit dem Siegel PLUSPUNKT GESUNDHEIT.DTB ausgezeichnet\u00a0werden kann:<\/p>\n<ul>\n<li>Zielgruppengerechtes Angebot<\/li>\n<li>\u00dcbungsleiter-Qualifikation<\/li>\n<li>Einheitliche Organisationsstruktur<\/li>\n<li>Pr\u00e4ventiver Gesundheits-Check<\/li>\n<li>Begleitendes Qualit\u00e4tsmanagement<\/li>\n<li>Der Verein als Gesundheitspartner<\/li>\n<\/ul>\n<p>Quelle: <a href=\"http:\/\/www.dtb-online.de\/portal\/gymwelt\/fitness-und-gesundheitssport\/pluspunkt-gesundheitdtb\/infos-zum-pluspunkt-gesundheitdtb\/uebersicht-informationen\/qualitaetskriterien.html\">Pluspunkt Gesundheit.DTB &#8211; Qualit\u00e4tskriterien<\/a><\/p>\n<\/div><\/section><\/p><\/div><\/p>\n\n<style type=\"text\/css\" data-created_by=\"avia_inline_auto\" id=\"style-css-av-24ek2-8e51bb6a4622489d3884223d68176f98\">\n.flex_column.av-24ek2-8e51bb6a4622489d3884223d68176f98{\nborder-radius:0px 0px 0px 0px;\npadding:0px 0px 0px 0px;\n}\n<\/style>\n<div  class='flex_column av-24ek2-8e51bb6a4622489d3884223d68176f98 av_one_full  avia-builder-el-11  el_after_av_one_full  avia-builder-el-last  first flex_column_div av-zero-column-padding  column-top-margin'     ><p>\n<style type=\"text\/css\" data-created_by=\"avia_inline_auto\" id=\"style-css-av-1ntya-e2ea2d5e4aeae0e461c7c0dd95021a39\">\n#top .av-special-heading.av-1ntya-e2ea2d5e4aeae0e461c7c0dd95021a39{\npadding-bottom:10px;\n}\nbody .av-special-heading.av-1ntya-e2ea2d5e4aeae0e461c7c0dd95021a39 .av-special-heading-tag .heading-char{\nfont-size:25px;\n}\n.av-special-heading.av-1ntya-e2ea2d5e4aeae0e461c7c0dd95021a39 .av-subheading{\nfont-size:15px;\n}\n<\/style>\n<div  class='av-special-heading av-1ntya-e2ea2d5e4aeae0e461c7c0dd95021a39 av-special-heading-h3  avia-builder-el-12  el_before_av_textblock  avia-builder-el-first '><h3 class='av-special-heading-tag '  itemprop=\"headline\"  >\u00dcber das Qualit\u00e4tssiegel <span class='special_amp'>&#8222;<\/span>SPORT PRO Gesundheit<span class='special_amp'>&#8220;<\/span><\/h3><div class=\"special-heading-border\"><div class=\"special-heading-inner-border\"><\/div><\/div><\/div><br \/>\n<section  class='av_textblock_section av-tgfm-a33666be0d04ecebeec48cb822994f9a '   itemscope=\"itemscope\" itemtype=\"https:\/\/schema.org\/CreativeWork\" ><div class='avia_textblock'  itemprop=\"text\" ><div><\/div>\n<div>\n<p>Das Qualit\u00e4tssiegel SPORT PRO GESUNDHEIT hat klar definierte\u00a0Ziele\u00a0und\u00a0Kriterien\u00a0und schafft Orientierung im Dschungel der zahlreichen, mittlerweile auch von kommerziellen Einrichtungen angebotenen Programmen des Gesundheitssports. Es hilft Interessenten, aber auch \u00c4rzten und Krankenkassen bei der erfolgreichen Suche nach dem passenden Gesundheitskurs und unterst\u00fctzt die Turn- und Sportvereine bei der Bildung eines gesundheitsorientierten Profils.<\/p>\n<p>Das Qualit\u00e4tssiegel SPORT PRO GESUNDHEIT, welches gesundheitsorientierte Sportangebote auszeichnet, wurde vom DOSB gemeinsam mit der Bundes\u00e4rztekammer entwickelt. Auch die Siegel PLUSPUNKT GESUNDHEIT.DTB des Deutschen Turner-Bundes und \u201eGesund und fit im Wasser\u201c des Deutschen Schwimm-Verbandes geh\u00f6ren zur Dachmarke SPORT PRO GESUNDHEIT.<\/p>\n<p>Es ist wissenschaftlich erwiesen, dass sich ein gro\u00dfer Prozentsatz der Gesundheitskosten durch Pr\u00e4vention vermeiden l\u00e4sst. Zugleich ist unstrittig, dass Bewegung und Sport zentrale Bestandteile einer erfolgreichen Pr\u00e4vention sind. SPORT PRO GESUNDHEIT verfolgt daher kurzfristige Ziele wie die St\u00e4rkung von physischen und psychosozialen Gesundheitsressourcen sowie die Verminderung von Risikofaktoren. Im Kern zielen die Bem\u00fchungen von SPORT PRO GESUNDHEIT aber auf eine langfristige Bindung an gesundheitssportliche Aktivit\u00e4t sowie die Bildung einer eigenen Gesundheitskompetenz; auf eine Nachhaltigkeit also, die sich im Idealfall im lebenslangen Sporttreiben \u00e4u\u00dfert.<\/p>\n<p>Quelle und weitere Informationen unter\u00a0<a href=\"http:\/\/www.sportprogesundheit.de\/de\/sport-und-gesundheit\/sport-pro-gesundheit\/\"><br \/>\nhttp:\/\/www.sportprogesundheit.de\/de\/sport-und-gesundheit\/sport-pro-gesundheit\/<\/a><\/p>\n<\/div>\n<\/div><\/section><\/p><\/div>\n","protected":false},"excerpt":{"rendered":"","protected":false},"author":1,"featured_media":0,"parent":0,"menu_order":0,"comment_status":"closed","ping_status":"closed","template":"","meta":{"footnotes":""},"class_list":["post-22","page","type-page","status-publish","hentry"],"_links":{"self":[{"href":"https:\/\/www.vfl-westercelle.de\/walk\/wp-json\/wp\/v2\/pages\/22","targetHints":{"allow":["GET"]}}],"collection":[{"href":"https:\/\/www.vfl-westercelle.de\/walk\/wp-json\/wp\/v2\/pages"}],"about":[{"href":"https:\/\/www.vfl-westercelle.de\/walk\/wp-json\/wp\/v2\/types\/page"}],"author":[{"embeddable":true,"href":"https:\/\/www.vfl-westercelle.de\/walk\/wp-json\/wp\/v2\/users\/1"}],"replies":[{"embeddable":true,"href":"https:\/\/www.vfl-westercelle.de\/walk\/wp-json\/wp\/v2\/comments?post=22"}],"version-history":[{"count":3,"href":"https:\/\/www.vfl-westercelle.de\/walk\/wp-json\/wp\/v2\/pages\/22\/revisions"}],"predecessor-version":[{"id":187,"href":"https:\/\/www.vfl-westercelle.de\/walk\/wp-json\/wp\/v2\/pages\/22\/revisions\/187"}],"wp:attachment":[{"href":"https:\/\/www.vfl-westercelle.de\/walk\/wp-json\/wp\/v2\/media?parent=22"}],"curies":[{"name":"wp","href":"https:\/\/api.w.org\/{rel}","templated":true}]}}